{"id":11030,"date":"2022-02-11T10:11:06","date_gmt":"2022-02-11T09:11:06","guid":{"rendered":"https:\/\/wp-test.zum.de\/?page_id=11030"},"modified":"2022-08-13T13:08:39","modified_gmt":"2022-08-13T11:08:39","slug":"chronik","status":"publish","type":"page","link":"https:\/\/www.zum.de\/portal\/chronik\/","title":{"rendered":"Chronik"},"content":{"rendered":"\n<div class=\"wp-block-cp-timeline-content-timeline-block Cool-Content-Timeline zum-timeline\"><div class=\"cool-timeline-block-244ddadd-6287-49fc-bb5b-4476069c0bd7\"><style scoped=\"true\">.cool-timeline-block-244ddadd-6287-49fc-bb5b-4476069c0bd7 .cool-vertical-timeline-body .story-details h3{color: #0077dd;}.cool-timeline-block-244ddadd-6287-49fc-bb5b-4476069c0bd7 .cool-horizontal-timeline-body .story-details h3{color: #0077dd;}.cool-timeline-block-244ddadd-6287-49fc-bb5b-4476069c0bd7 .cool-vertical-timeline-body .story-time p{color: #0077dd;}.cool-timeline-block-244ddadd-6287-49fc-bb5b-4476069c0bd7 .cool-horizontal-timeline-body .story-time p{color: #0077dd;}.cool-timeline-block-244ddadd-6287-49fc-bb5b-4476069c0bd7 .cool-vertical-timeline-body::before{background: linear-gradient(to bottom, rgba(230, 230, 230, 0) 0%, #0077dd 10%, #0077dd 90%, rgba(230, 230, 230, 0) 100%);}.cool-timeline-block-244ddadd-6287-49fc-bb5b-4476069c0bd7 .cool-horizontal-timeline-body .timeline-content::before{background: #0077dd;}.cool-timeline-block-244ddadd-6287-49fc-bb5b-4476069c0bd7 .cool-horizontal-timeline-body .timeline-content::after{background: #0077dd;}.cool-timeline-block-244ddadd-6287-49fc-bb5b-4476069c0bd7 .cool-vertical-timeline-body .timeline-content::before{background: #0077dd !important;}.cool-timeline-block-244ddadd-6287-49fc-bb5b-4476069c0bd7 .cool-vertical-timeline-body.left .story-details::after{background: #0077dd !important;}.cool-timeline-block-244ddadd-6287-49fc-bb5b-4476069c0bd7 .cool-vertical-timeline-body.right .story-time::after{background: #0077dd !important;}.cool-timeline-block-244ddadd-6287-49fc-bb5b-4476069c0bd7 .cool-vertical-timeline-body .timeline-content .timeline-block-icon{background: #0077dd !important;}.cool-timeline-block-244ddadd-6287-49fc-bb5b-4476069c0bd7 .cool-horizontal-timeline-body .timeline-content .timeline-block-icon{background: #0077dd !important;}.cool-timeline-block-244ddadd-6287-49fc-bb5b-4476069c0bd7 .cool-vertical-timeline-body.both-sided .timeline-content .position-right .story-details::before{border-right-color: #0077dd !important;}.cool-timeline-block-244ddadd-6287-49fc-bb5b-4476069c0bd7 .cool-vertical-timeline-body.both-sided .timeline-content .position-left  .story-details::before{border-left-color: #0077dd !important;}.cool-timeline-block-244ddadd-6287-49fc-bb5b-4476069c0bd7 .cool-vertical-timeline-body.one-sided.left .timeline-content  .story-details::before{border-right-color: #0077dd !important;}.cool-timeline-block-244ddadd-6287-49fc-bb5b-4476069c0bd7 .cool-vertical-timeline-body.one-sided.right .timeline-content  .story-details::before{border-left-color: #0077dd !important;}.cool-timeline-block-244ddadd-6287-49fc-bb5b-4476069c0bd7 .cool-vertical-timeline-body .timeline-content  .story-details{border-color: #0077dd !important;}.cool-timeline-block-244ddadd-6287-49fc-bb5b-4476069c0bd7 .cool-horizontal-timeline-body .timeline-content .ctl-row .ctl-6.timeline-block-detail::before{border-bottom-color: #0077dd !important;}.cool-timeline-block-244ddadd-6287-49fc-bb5b-4476069c0bd7 .cool-horizontal-timeline-body .ctl-6.timeline-block-detail{border-top-color: #0077dd !important;}.cool-timeline-block-244ddadd-6287-49fc-bb5b-4476069c0bd7 .cool-vertical-timeline-body .timeline-content  .timeline-block-icon{border-color: #0077ddFF !important;}.cool-timeline-block-244ddadd-6287-49fc-bb5b-4476069c0bd7 .cool-horizontal-timeline-body .swiper-button-next{color: #0077dd;}.cool-timeline-block-244ddadd-6287-49fc-bb5b-4476069c0bd7 .cool-horizontal-timeline-body .swiper-button-prev{color: #0077dd;}.cool-timeline-block-244ddadd-6287-49fc-bb5b-4476069c0bd7 .cool-horizontal-timeline-body .swiper-pagination-bullet-active{background: #0077dd;}.cool-timeline-block-244ddadd-6287-49fc-bb5b-4476069c0bd7 .icon-true .timeline-block-icon span.timeline-block-render-icon svg{fill: white;}<\/style><div class=\"cool-vertical-timeline-body both-sided left\"><div class=\"cool-timeline-block-list\">\n<div class=\"wp-block-cp-timeline-content-timeline-block-child swiper-slide\"><div class=\"timeline-content icon-false \"><div class=\" timeline-block-timeline ctl-row  position-right\"><div class=\"ctl-6 timeline-block-time\"><div class=\"story-time\"><p>1995<\/p><\/div><\/div><div class=\"timeline-block-icon\"><\/div><div class=\"ctl-6 timeline-block-detail\"><div class=\"story-details\"><div class=\"story-content\"><h3><strong>Das World Wide Web als Lern- und Lehrhilfe<\/strong><\/h3><p>Margit Fischbach startet das Projekt \u201eZentrale f\u00fcr Unterrichtsmedien im Internet&#8220; unter dem Motto:<br><strong>Das World Wide Web als Lern- und Lehrhilfe.<\/strong><\/p><\/div><\/div><\/div><\/div><\/div><\/div>\n\n\n\n<div class=\"wp-block-cp-timeline-content-timeline-block-child swiper-slide\"><div class=\"timeline-content icon-false \"><div class=\" timeline-block-timeline ctl-row  position-left\"><div class=\"ctl-6 timeline-block-time\"><div class=\"story-time\"><p>1997<\/p><\/div><\/div><div class=\"timeline-block-icon\"><\/div><div class=\"ctl-6 timeline-block-detail\"><div class=\"story-details\"><div class=\"story-content\"><h3>Vereinsgr\u00fcndung<\/h3><p>Die ZUM gr\u00fcndet sich als <strong>Verein<\/strong> und erwirbt den Status der Gemeinn\u00fctzigkeit.<\/p><\/div><\/div><\/div><\/div><\/div><\/div>\n\n\n\n<div class=\"wp-block-cp-timeline-content-timeline-block-child swiper-slide\"><div class=\"timeline-content icon-false \"><div class=\" timeline-block-timeline ctl-row  position-right\"><div class=\"ctl-6 timeline-block-time\"><div class=\"story-time\"><p>1997<\/p><\/div><\/div><div class=\"timeline-block-icon\"><\/div><div class=\"ctl-6 timeline-block-detail\"><div class=\"story-details\"><div class=\"story-content\"><h3>Autoren-ZUM<\/h3><p>Ein Eingabemodul erm\u00f6glicht die Eintragung von kommentierten Links und die Erstellung von F\u00e4cher-bezogenen Material-Listen. Autor*innen von Unterrichtsmaterialien wird kostenloser Webspace zur Verf\u00fcgung gestellt, daraus entwickelt sich die <strong>Autoren-ZUM<\/strong>.<\/p><\/div><\/div><\/div><\/div><\/div><\/div>\n\n\n\n<div class=\"wp-block-cp-timeline-content-timeline-block-child swiper-slide\"><div class=\"timeline-content icon-false \"><div class=\" timeline-block-timeline ctl-row  position-left\"><div class=\"ctl-6 timeline-block-time\"><div class=\"story-time\"><p>2002<\/p><\/div><\/div><div class=\"timeline-block-icon\"><\/div><div class=\"ctl-6 timeline-block-detail\"><div class=\"story-details\"><div class=\"story-content\"><h3><strong>Clever der Woche<\/strong><\/h3><p>\u201e<strong>Clever der Woche<\/strong>\u201d: Ein Projekt zur Begutachtung von Lern- und Spielsoftware durch Lehrer und Sch\u00fcler.<\/p><\/div><\/div><\/div><\/div><\/div><\/div>\n\n\n\n<div class=\"wp-block-cp-timeline-content-timeline-block-child swiper-slide\"><div class=\"timeline-content icon-false \"><div class=\" timeline-block-timeline ctl-row  position-right\"><div class=\"ctl-6 timeline-block-time\"><div class=\"story-time\"><p>2003<\/p><\/div><\/div><div class=\"timeline-block-icon\"><\/div><div class=\"ctl-6 timeline-block-detail\"><div class=\"story-details\"><div class=\"story-content\"><h3>ZUM-Schach <\/h3><p>Mit <strong>ZUM-Schach<\/strong> entsteht ein Angebot zur Durchf\u00fchrung von Online-Schachspielen.<\/p><\/div><\/div><\/div><\/div><\/div><\/div>\n\n\n\n<div class=\"wp-block-cp-timeline-content-timeline-block-child swiper-slide\"><div class=\"timeline-content icon-false \"><div class=\" timeline-block-timeline ctl-row  position-left\"><div class=\"ctl-6 timeline-block-time\"><div class=\"story-time\"><p>2004<\/p><\/div><\/div><div class=\"timeline-block-icon\"><\/div><div class=\"ctl-6 timeline-block-detail\"><div class=\"story-details\"><div class=\"story-content\"><h3>DWU<\/h3><p>Die Mathematik-Physik-Materialien von Dieter Welz (<strong>DWU<\/strong>) verzeichnen den neunmillionsten Download.<\/p><\/div><\/div><\/div><\/div><\/div><\/div>\n\n\n\n<div class=\"wp-block-cp-timeline-content-timeline-block-child swiper-slide\"><div class=\"timeline-content icon-false \"><div class=\" timeline-block-timeline ctl-row  position-right\"><div class=\"ctl-6 timeline-block-time\"><div class=\"story-time\"><p>2004<\/p><\/div><\/div><div class=\"timeline-block-icon\"><\/div><div class=\"ctl-6 timeline-block-detail\"><div class=\"story-details\"><div class=\"story-content\"><h3>ZUM-Wiki <\/h3><p>Das <strong>ZUM-Wiki<\/strong> wird gestartet &#8211; inspiriert durch das erfolgreiche Modell der Wikipedia. 2005 \nBesuch der &#8218;Wikimania&#8216; im Haus der Jugend, Frankfurt.<\/p><\/div><\/div><\/div><\/div><\/div><\/div>\n\n\n\n<div class=\"wp-block-cp-timeline-content-timeline-block-child swiper-slide\"><div class=\"timeline-content icon-false \"><div class=\" timeline-block-timeline ctl-row  position-left\"><div class=\"ctl-6 timeline-block-time\"><div class=\"story-time\"><p>2008<\/p><\/div><\/div><div class=\"timeline-block-icon\"><\/div><div class=\"ctl-6 timeline-block-detail\"><div class=\"story-details\"><div class=\"story-content\"><h3>ZUM-Wiki wird OER<\/h3><p>Das ZUM-Wiki stellt seine Materialien unter eine freie Lizenz und ordnet sich damit der <strong>OER-Bewegung<\/strong> zu.<br>Der erste der j\u00e4hrlich organisieren <strong>Wiki-Workshops<\/strong> findet im Haus der Jugend, Frankfurt, statt.<\/p><\/div><\/div><\/div><\/div><\/div><\/div>\n\n\n\n<div class=\"wp-block-cp-timeline-content-timeline-block-child swiper-slide\"><div class=\"timeline-content icon-false \"><div class=\" timeline-block-timeline ctl-row  position-right\"><div class=\"ctl-6 timeline-block-time\"><div class=\"story-time\"><p>2012<\/p><\/div><\/div><div class=\"timeline-block-icon\"><\/div><div class=\"ctl-6 timeline-block-detail\"><div class=\"story-details\"><div class=\"story-content\"><h3>Neuer technischer Support<\/h3><p>idea-sketch.com \u00fcbernimmt die technisch Betreuung der ZUM-Angebote und erneuert die technische Infrastruktur.<\/p><\/div><\/div><\/div><\/div><\/div><\/div>\n\n\n\n<div class=\"wp-block-cp-timeline-content-timeline-block-child swiper-slide\"><div class=\"timeline-content icon-false \"><div class=\" timeline-block-timeline ctl-row  position-left\"><div class=\"ctl-6 timeline-block-time\"><div class=\"story-time\"><p>2012<\/p><\/div><\/div><div class=\"timeline-block-icon\"><\/div><div class=\"ctl-6 timeline-block-detail\"><div class=\"story-details\"><div class=\"story-content\"><h3>Projektwiki<\/h3><p>Das <strong>Projektwiki,<\/strong> ein Wiki mit Sch\u00fcler*innen f\u00fcr Sch\u00fcler*innen, wird eingerichtet.<\/p><\/div><\/div><\/div><\/div><\/div><\/div>\n\n\n\n<div class=\"wp-block-cp-timeline-content-timeline-block-child swiper-slide\"><div class=\"timeline-content icon-false \"><div class=\" timeline-block-timeline ctl-row  position-right\"><div class=\"ctl-6 timeline-block-time\"><div class=\"story-time\"><p>2013<\/p><\/div><\/div><div class=\"timeline-block-icon\"><\/div><div class=\"ctl-6 timeline-block-detail\"><div class=\"story-details\"><div class=\"story-content\"><h3>ZUM-Pad <\/h3><p>Das <strong>ZUM-Pad<\/strong> &#8211; eine kollaborative Arbeitsplattform &#8211; startet<\/p><\/div><\/div><\/div><\/div><\/div><\/div>\n\n\n\n<div class=\"wp-block-cp-timeline-content-timeline-block-child swiper-slide\"><div class=\"timeline-content icon-false \"><div class=\" timeline-block-timeline ctl-row  position-left\"><div class=\"ctl-6 timeline-block-time\"><div class=\"story-time\"><p>2014<\/p><\/div><\/div><div class=\"timeline-block-icon\"><\/div><div class=\"ctl-6 timeline-block-detail\"><div class=\"story-details\"><div class=\"story-content\"><h3>Grundschulpost <\/h3><p>Mit der <strong>Grundschulpost<\/strong> wird Grundsch\u00fcler*innen ein werbefreies und datenschutzkonformes E-Mail-Konto erm\u00f6glicht.<\/p><\/div><\/div><\/div><\/div><\/div><\/div>\n\n\n\n<div class=\"wp-block-cp-timeline-content-timeline-block-child swiper-slide\"><div class=\"timeline-content icon-false \"><div class=\" timeline-block-timeline ctl-row  position-right\"><div class=\"ctl-6 timeline-block-time\"><div class=\"story-time\"><p>2015<\/p><\/div><\/div><div class=\"timeline-block-icon\"><\/div><div class=\"ctl-6 timeline-block-detail\"><div class=\"story-details\"><div class=\"story-content\"><h3>ZUM-Portal<\/h3><p>Die <strong>ZUM-Portalseite<\/strong> zum.de wird neu gestaltet.<\/p><\/div><\/div><\/div><\/div><\/div><\/div>\n\n\n\n<div class=\"wp-block-cp-timeline-content-timeline-block-child swiper-slide\"><div class=\"timeline-content icon-false \"><div class=\" timeline-block-timeline ctl-row  position-left\"><div class=\"ctl-6 timeline-block-time\"><div class=\"story-time\"><p>2015<\/p><\/div><\/div><div class=\"timeline-block-icon\"><\/div><div class=\"ctl-6 timeline-block-detail\"><div class=\"story-details\"><div class=\"story-content\"><h3>Willkommen-in-Deutschland-Wiki<\/h3><p>Das <strong>Willkommen-in-Deutschland-Wiki<\/strong> f\u00fcr Gefl\u00fcchtete zum Deutsch-Lernen wird eingerichtet.<\/p><\/div><\/div><\/div><\/div><\/div><\/div>\n\n\n\n<div class=\"wp-block-cp-timeline-content-timeline-block-child swiper-slide\"><div class=\"timeline-content icon-false \"><div class=\" timeline-block-timeline ctl-row  position-right\"><div class=\"ctl-6 timeline-block-time\"><div class=\"story-time\"><p>2016<\/p><\/div><\/div><div class=\"timeline-block-icon\"><\/div><div class=\"ctl-6 timeline-block-detail\"><div class=\"story-details\"><div class=\"story-content\"><h3>Klexikon<\/h3><p>Die Kinder-Wikipedia <strong>Klexikon.de<\/strong> startet.<\/p><\/div><\/div><\/div><\/div><\/div><\/div>\n\n\n\n<div class=\"wp-block-cp-timeline-content-timeline-block-child swiper-slide\"><div class=\"timeline-content icon-false \"><div class=\" timeline-block-timeline ctl-row  position-left\"><div class=\"ctl-6 timeline-block-time\"><div class=\"story-time\"><p>2016<\/p><\/div><\/div><div class=\"timeline-block-icon\"><\/div><div class=\"ctl-6 timeline-block-detail\"><div class=\"story-details\"><div class=\"story-content\"><h3>ZUM-Wiki erh\u00e4lt OER-Award<\/h3><p>Das ZUM-Wiki erh\u00e4lt den OER-Award auf dem OER-Festival in Berlin.<\/p><\/div><\/div><\/div><\/div><\/div><\/div>\n\n\n\n<div class=\"wp-block-cp-timeline-content-timeline-block-child swiper-slide\"><div class=\"timeline-content icon-false \"><div class=\" timeline-block-timeline ctl-row  position-right\"><div class=\"ctl-6 timeline-block-time\"><div class=\"story-time\"><p>2017<\/p><\/div><\/div><div class=\"timeline-block-icon\"><\/div><div class=\"ctl-6 timeline-block-detail\"><div class=\"story-details\"><div class=\"story-content\"><h3>Klexikon erh\u00e4lt OER-Award<\/h3><p>Das Klexikon erh\u00e4lt den OER-Award in Berlin.<\/p><\/div><\/div><\/div><\/div><\/div><\/div>\n\n\n\n<div class=\"wp-block-cp-timeline-content-timeline-block-child swiper-slide\"><div class=\"timeline-content icon-false \"><div class=\" timeline-block-timeline ctl-row  position-left\"><div class=\"ctl-6 timeline-block-time\"><div class=\"story-time\"><p>2018<\/p><\/div><\/div><div class=\"timeline-block-icon\"><\/div><div class=\"ctl-6 timeline-block-detail\"><div class=\"story-details\"><div class=\"story-content\"><h3>Klexikon wird erneut ausgezeichnet<\/h3><p>Das Klexikon wird als Initiative in \u201dDeutschland &#8211; Land der Ideen\u201d im Roten Rathaus Berlin ausgezeichnet.<\/p><\/div><\/div><\/div><\/div><\/div><\/div>\n\n\n\n<div class=\"wp-block-cp-timeline-content-timeline-block-child swiper-slide\"><div class=\"timeline-content icon-false \"><div class=\" timeline-block-timeline ctl-row  position-right\"><div class=\"ctl-6 timeline-block-time\"><div class=\"story-time\"><p>2018<\/p><\/div><\/div><div class=\"timeline-block-icon\"><\/div><div class=\"ctl-6 timeline-block-detail\"><div class=\"story-details\"><div class=\"story-content\"><h3>Grundschulportal <\/h3><p>Die ZUM-Angebote f\u00fcr den Grundschulbereich werden zum <strong>Grundschulportal<\/strong> zusammengefasst.<\/p><\/div><\/div><\/div><\/div><\/div><\/div>\n\n\n\n<div class=\"wp-block-cp-timeline-content-timeline-block-child swiper-slide\"><div class=\"timeline-content icon-false \"><div class=\" timeline-block-timeline ctl-row  position-left\"><div class=\"ctl-6 timeline-block-time\"><div class=\"story-time\"><p>2018<\/p><\/div><\/div><div class=\"timeline-block-icon\"><\/div><div class=\"ctl-6 timeline-block-detail\"><div class=\"story-details\"><div class=\"story-content\"><h3>ZUM-Unterrichten<\/h3><p>Das ZUM-Wiki wird zu <strong>ZUM-Unterrichten<\/strong> weiterentwickelt.<\/p><\/div><\/div><\/div><\/div><\/div><\/div>\n\n\n\n<div class=\"wp-block-cp-timeline-content-timeline-block-child swiper-slide\"><div class=\"timeline-content icon-false \"><div class=\" timeline-block-timeline ctl-row  position-right\"><div class=\"ctl-6 timeline-block-time\"><div class=\"story-time\"><p>2019<\/p><\/div><\/div><div class=\"timeline-block-icon\"><\/div><div class=\"ctl-6 timeline-block-detail\"><div class=\"story-details\"><div class=\"story-content\"><h3>ZUM-News <\/h3><p><strong>ZUM-News,<\/strong> der ZUM-Newsletter, wird gestartet.<\/p><\/div><\/div><\/div><\/div><\/div><\/div>\n\n\n\n<div class=\"wp-block-cp-timeline-content-timeline-block-child swiper-slide\"><div class=\"timeline-content icon-false \"><div class=\" timeline-block-timeline ctl-row  position-left\"><div class=\"ctl-6 timeline-block-time\"><div class=\"story-time\"><p>2019<\/p><\/div><\/div><div class=\"timeline-block-icon\"><\/div><div class=\"ctl-6 timeline-block-detail\"><div class=\"story-details\"><div class=\"story-content\"><h3>ZUM-Apps<\/h3><p><strong>ZUM-Apps<\/strong>, eine Plattform zur Erstellung von H5P-\u00dcbungen, wird er\u00f6ffnet.<\/p><\/div><\/div><\/div><\/div><\/div><\/div>\n\n\n\n<div class=\"wp-block-cp-timeline-content-timeline-block-child swiper-slide\"><div class=\"timeline-content icon-false \"><div class=\" timeline-block-timeline ctl-row  position-right\"><div class=\"ctl-6 timeline-block-time\"><div class=\"story-time\"><p>2020<\/p><\/div><\/div><div class=\"timeline-block-icon\"><\/div><div class=\"ctl-6 timeline-block-detail\"><div class=\"story-details\"><div class=\"story-content\"><h3>ZUM-Deutsch-Lernen<\/h3><p>Das Willkommen-Wiki wird zum Projekt <strong>ZUM-Deutsch-Lernen<\/strong> weiterentwickelt.<\/p><\/div><\/div><\/div><\/div><\/div><\/div>\n\n\n\n<div class=\"wp-block-cp-timeline-content-timeline-block-child swiper-slide\"><div class=\"timeline-content icon-false \"><div class=\" timeline-block-timeline ctl-row  position-left\"><div class=\"ctl-6 timeline-block-time\"><div class=\"story-time\"><p>2021<\/p><\/div><\/div><div class=\"timeline-block-icon\"><\/div><div class=\"ctl-6 timeline-block-detail\"><div class=\"story-details\"><div class=\"story-content\"><h3>Goodbye ZUM-Wiki <\/h3><p>Das <strong>ZUM-Wiki<\/strong> wird nach 17 Jahren feierlich verabschiedet.<\/p><\/div><\/div><\/div><\/div><\/div><\/div>\n\n\n\n<div class=\"wp-block-cp-timeline-content-timeline-block-child swiper-slide\"><div class=\"timeline-content icon-false \"><div class=\" timeline-block-timeline ctl-row  position-right\"><div class=\"ctl-6 timeline-block-time\"><div class=\"story-time\"><p>2022<\/p><\/div><\/div><div class=\"timeline-block-icon\"><\/div><div class=\"ctl-6 timeline-block-detail\"><div class=\"story-details\"><div class=\"story-content\"><h3>ZUM-Portal<\/h3><p>Das <strong>ZUM-Portal<\/strong> bekommt ein neues Layout.<\/p><\/div><\/div><\/div><\/div><\/div><\/div>\n\n\n\n<div class=\"wp-block-cp-timeline-content-timeline-block-child swiper-slide\"><div class=\"timeline-content icon-false \"><div class=\" timeline-block-timeline ctl-row  position-left\"><div class=\"ctl-6 timeline-block-time\"><div class=\"story-time\"><p>2022<\/p><\/div><\/div><div class=\"timeline-block-icon\"><\/div><div class=\"ctl-6 timeline-block-detail\"><div class=\"story-details\"><div class=\"story-content\"><h3>Workshops<\/h3><p>zu ZUM-Unterrichten und ZUM-Apps finden nach zwei Jahren Pandemie wieder &#8218;offline&#8216; statt.<\/p><\/div><\/div><\/div><\/div><\/div><\/div>\n<\/div><\/div><\/div><\/div>\n\n\n\n<p><\/p>\n<div class=\"shariff shariff-align-flex-start shariff-widget-align-flex-start\" style=\"display:none\" data-url=\"https%3A%2F%2Fwww.zum.de%2Fportal%2Fchronik%2F\" data-timestamp=\"1660396119\" data-backendurl=\"https:\/\/www.zum.de\/portal\/wp-json\/shariff\/v1\/share_counts?\"><div class=\"ShariffHeadline\">Teilen<\/div><ul class=\"shariff-buttons theme-round orientation-horizontal buttonsize-medium\"><li class=\"shariff-button whatsapp shariff-nocustomcolor shariff-mobile\" style=\"background-color:#5cbe4a\"><a href=\"https:\/\/api.whatsapp.com\/send?text=https%3A%2F%2Fwww.zum.de%2Fportal%2Fchronik%2F%20Chronik\" title=\"Bei Whatsapp teilen\" aria-label=\"Bei Whatsapp teilen\" role=\"button\" rel=\"noopener nofollow\" class=\"shariff-link\" style=\"; background-color:#34af23; color:#fff\" target=\"_blank\"><span class=\"shariff-icon\" style=\"\"><svg width=\"32px\" height=\"20px\" xmlns=\"http:\/\/www.w3.org\/2000\/svg\" viewBox=\"0 0 32 32\"><path fill=\"#34af23\" d=\"M17.6 17.4q0.2 0 1.7 0.8t1.6 0.9q0 0.1 0 0.3 0 0.6-0.3 1.4-0.3 0.7-1.3 1.2t-1.8 0.5q-1 0-3.4-1.1-1.7-0.8-3-2.1t-2.6-3.3q-1.3-1.9-1.3-3.5v-0.1q0.1-1.6 1.3-2.8 0.4-0.4 0.9-0.4 0.1 0 0.3 0t0.3 0q0.3 0 0.5 0.1t0.3 0.5q0.1 0.4 0.6 1.6t0.4 1.3q0 0.4-0.6 1t-0.6 0.8q0 0.1 0.1 0.3 0.6 1.3 1.8 2.4 1 0.9 2.7 1.8 0.2 0.1 0.4 0.1 0.3 0 1-0.9t0.9-0.9zM14 26.9q2.3 0 4.3-0.9t3.6-2.4 2.4-3.6 0.9-4.3-0.9-4.3-2.4-3.6-3.6-2.4-4.3-0.9-4.3 0.9-3.6 2.4-2.4 3.6-0.9 4.3q0 3.6 2.1 6.6l-1.4 4.2 4.3-1.4q2.8 1.9 6.2 1.9zM14 2.2q2.7 0 5.2 1.1t4.3 2.9 2.9 4.3 1.1 5.2-1.1 5.2-2.9 4.3-4.3 2.9-5.2 1.1q-3.5 0-6.5-1.7l-7.4 2.4 2.4-7.2q-1.9-3.2-1.9-6.9 0-2.7 1.1-5.2t2.9-4.3 4.3-2.9 5.2-1.1z\"\/><\/svg><\/span><\/a><\/li><li class=\"shariff-button mailto shariff-nocustomcolor\" style=\"background-color:#a8a8a8\"><a href=\"mailto:?body=https%3A%2F%2Fwww.zum.de%2Fportal%2Fchronik%2F&subject=Chronik\" title=\"Per E-Mail versenden\" aria-label=\"Per E-Mail versenden\" role=\"button\" rel=\"noopener nofollow\" class=\"shariff-link\" style=\"; background-color:#999; color:#fff\"><span class=\"shariff-icon\" style=\"\"><svg width=\"32px\" height=\"20px\" xmlns=\"http:\/\/www.w3.org\/2000\/svg\" viewBox=\"0 0 32 32\"><path fill=\"#999\" d=\"M32 12.7v14.2q0 1.2-0.8 2t-2 0.9h-26.3q-1.2 0-2-0.9t-0.8-2v-14.2q0.8 0.9 1.8 1.6 6.5 4.4 8.9 6.1 1 0.8 1.6 1.2t1.7 0.9 2 0.4h0.1q0.9 0 2-0.4t1.7-0.9 1.6-1.2q3-2.2 8.9-6.1 1-0.7 1.8-1.6zM32 7.4q0 1.4-0.9 2.7t-2.2 2.2q-6.7 4.7-8.4 5.8-0.2 0.1-0.7 0.5t-1 0.7-0.9 0.6-1.1 0.5-0.9 0.2h-0.1q-0.4 0-0.9-0.2t-1.1-0.5-0.9-0.6-1-0.7-0.7-0.5q-1.6-1.1-4.7-3.2t-3.6-2.6q-1.1-0.7-2.1-2t-1-2.5q0-1.4 0.7-2.3t2.1-0.9h26.3q1.2 0 2 0.8t0.9 2z\"\/><\/svg><\/span><\/a><\/li><\/ul><\/div>","protected":false},"excerpt":{"rendered":"","protected":false},"author":2,"featured_media":0,"parent":0,"menu_order":56,"comment_status":"closed","ping_status":"closed","template":"","meta":{"_acf_changed":false,"gastautor_name":"","gastautor_foto":"","gastautor_funktion":"","gastautor_beschreibung":"","gastautor_css":"","testimonial_foto":"","testimonial_funktion":"","testimonial_zitat":"","testimonial_css":"","zum_angebot_logo":"","zum_angebot_farbe":"","zum_angebot_link":"","zum_angebot_beschreibung":"","footnotes":""},"class_list":["post-11030","page","type-page","status-publish","hentry"],"acf":[],"_links":{"self":[{"href":"https:\/\/www.zum.de\/portal\/wp-json\/wp\/v2\/pages\/11030","targetHints":{"allow":["GET"]}}],"collection":[{"href":"https:\/\/www.zum.de\/portal\/wp-json\/wp\/v2\/pages"}],"about":[{"href":"https:\/\/www.zum.de\/portal\/wp-json\/wp\/v2\/types\/page"}],"author":[{"embeddable":true,"href":"https:\/\/www.zum.de\/portal\/wp-json\/wp\/v2\/users\/2"}],"replies":[{"embeddable":true,"href":"https:\/\/www.zum.de\/portal\/wp-json\/wp\/v2\/comments?post=11030"}],"version-history":[{"count":15,"href":"https:\/\/www.zum.de\/portal\/wp-json\/wp\/v2\/pages\/11030\/revisions"}],"predecessor-version":[{"id":15538,"href":"https:\/\/www.zum.de\/portal\/wp-json\/wp\/v2\/pages\/11030\/revisions\/15538"}],"wp:attachment":[{"href":"https:\/\/www.zum.de\/portal\/wp-json\/wp\/v2\/media?parent=11030"}],"curies":[{"name":"wp","href":"https:\/\/api.w.org\/{rel}","templated":true}]}}