{"id":1513,"date":"2021-07-16T22:14:47","date_gmt":"2021-07-16T20:14:47","guid":{"rendered":"https:\/\/wp-test.zum.de\/?page_id=1513"},"modified":"2026-02-25T13:28:47","modified_gmt":"2026-02-25T12:28:47","slug":"datenschutz","status":"publish","type":"page","link":"https:\/\/www.zum.de\/portal\/datenschutz\/","title":{"rendered":"Datenschutzerkl\u00e4rung"},"content":{"rendered":"\n<p>Die folgenden Hinweise geben einen einfachen \u00dcberblick dar\u00fcber, was mit deinen personenbezogenen Daten passiert, wenn du unsere Website besuchst.<\/p>\n\n\n\n<h2 class=\"wp-block-heading\">Verantwortlicher<\/h2>\n\n\n\n<p>F\u00fcr die Verarbeitung personenbezogener Daten verantwortlich ist der<\/p>\n\n\n\n<p>Zentrale f\u00fcr Unterrichtsmedien im Internet e.V.<br>Sitz: Schlossweg 11, 79249 Merzhausen<\/p>\n\n\n\n<p>Postalische Adresse:<\/p>\n\n\n\n<p>Zentrale f\u00fcr Unterrichtsmedien im Internet e.V.<br>c\/o Tina Neff<br>Kirchstra\u00dfe 60a<br>48249 D\u00fclmen<br>Deutschland\u00a0<\/p>\n\n\n\n<p>Der Verantwortliche kann auch per E-Mail unter <a href=\"mailto:datenschutz@zum.de\">datenschutz@zum.de<\/a> mit Fragen zur Verarbeitung personenbezogener Daten erreicht werden.<\/p>\n\n\n\n<p>Zust\u00e4ndige Datenschutzbeh\u00f6rde ist der Landesdatenschutzbeauftragte Baden-W\u00fcrttemberg, Postfach 10 29 32 70025 Stuttgart; <a href=\"https:\/\/www.baden-wuerttemberg.datenschutz.de\/kontakt\/\">https:\/\/www.baden-wuerttemberg.datenschutz.de\/kontakt\/<\/a><\/p>\n\n\n\n<h2 class=\"wp-block-heading\">Begriffsbestimmungen<\/h2>\n\n\n\n<p>Dieses Dokument verwendet Begriffe die sich aus der Datenschutz-Grundverordnung (DSGVO) der Europ\u00e4ischen Union (Verordnung (EU) 2016\/679) ergeben und verweisen auf deren Erkl\u00e4rung in Art. 4 derselben. Au\u00dferdem werden bestimmte Zusammenh\u00e4nge mit einheitlichen Begriffen bezeichnet. Zur besseren Verst\u00e4ndlichkeit werden diese Begriffe im Folgenden erl\u00e4utert<\/p>\n\n\n\n<ul class=\"wp-block-list\">\n<li>personenbezogene Daten<br>sind alle Informationen, die sich auf eine identifizierte oder identifizierbare nat\u00fcrliche Person (im Folgenden \u201ebetroffene Person\u201c) beziehen; als identifizierbar wird eine nat\u00fcrliche Person angesehen, die direkt oder indirekt, insbesondere mittels Zuordnung zu einer Kennung wie einem Namen, zu einer Kennnummer, zu Standortdaten, zu einer Online-Kennung oder zu einem oder mehreren besonderen Merkmalen identifiziert werden kann, die Ausdruck der physischen, physiologischen, genetischen, psychischen, wirtschaftlichen, kulturellen oder sozialen Identit\u00e4t dieser nat\u00fcrlichen Person sind.<\/li>\n\n\n\n<li>Betroffene Person<br>ist jede identifizierte oder identifizierbare nat\u00fcrliche Person, deren personenbezogene Daten von dem Verantwortlichen verarbeitet werden.<\/li>\n\n\n\n<li>Verantwortlicher<br>ist die nat\u00fcrliche oder juristische Person, Beh\u00f6rde, Einrichtung oder andere Stelle, die allein oder gemeinsam mit anderen \u00fcber die Zwecke und Mittel der Verarbeitung von personenbezogenen Daten entscheidet; sind die Zwecke und Mittel dieser Verarbeitung durch das Unionsrecht oder das Recht der Mitgliedstaaten vorgegeben, so k\u00f6nnen der Verantwortliche beziehungsweise die bestimmten Kriterien seiner Benennung nach dem Unionsrecht oder dem Recht der Mitgliedstaaten vorgesehen werden.<\/li>\n\n\n\n<li>Auftragsverarbeiter<br>ist eine nat\u00fcrliche oder juristische Person, Beh\u00f6rde, Einrichtung oder andere Stelle, die personenbezogene Daten im Auftrag des Verantwortlichen verarbeitet.<\/li>\n\n\n\n<li>Empf\u00e4nger<br>eine nat\u00fcrliche oder juristische Person, Beh\u00f6rde, Einrichtung oder andere Stelle, denen personenbezogene Daten offengelegt werden, unabh\u00e4ngig davon, ob es sich bei ihr um einen Dritten handelt oder nicht. Beh\u00f6rden, die im Rahmen eines bestimmten Untersuchungsauftrags nach dem Unionsrecht oder dem Recht der Mitgliedstaaten m\u00f6glicherweise personenbezogene Daten erhalten, gelten jedoch nicht als Empf\u00e4nger; die Verarbeitung dieser Daten durch die genannten Beh\u00f6rden erfolgt im Einklang mit den geltenden Datenschutzvorschriften gem\u00e4\u00df den Zwecken der Verarbeitung.<\/li>\n\n\n\n<li>DSGVO<br>Datenschutz-Grundverordnung (DSGVO) der Europ\u00e4ischen Union (Verordnung (EU) 2016\/679)<\/li>\n\n\n\n<li>ZUM<br>das sind wir, der \u201eZentrale f\u00fcr Unterrichtsmedien im Internet e.V.\u201c<\/li>\n\n\n\n<li>Wiki<br>eine Online-Kollaborationsplattform zur Erstellung und Ver\u00f6ffentlichung nutzergenerierter Inhalte im Internet.<\/li>\n<\/ul>\n\n\n\n<h2 class=\"wp-block-heading\">Verarbeitungsvorg\u00e4nge<\/h2>\n\n\n\n<p>Im folgenden informieren wir dich \u00fcber Verarbeitungsvorg\u00e4nge bei denen deine personenbezogene Daten verarbeitet werden. Grunds\u00e4tzlich berufen wir uns in der Verarbeitung auf unsere berechtigten Interessen nach Art. 6 Abs. 1 lit. f, zur Erf\u00fcllung von Vertr\u00e4gen mit dir inklusive Vorvertraglicher Ma\u00dfnahmen aufgrund deiner Anfrage gem\u00e4\u00df Art. 6 Abs. 1 lit. b oder zur Erf\u00fcllung rechtlicher Pflichten gem\u00e4\u00df Art. 6 Abs. 1 lit c.<\/p>\n\n\n\n<h3 class=\"wp-block-heading\">Erf\u00fcllung unserer Satzungsleistungen<\/h3>\n\n\n\n<p>Die ZUM verarbeitet die Daten seiner Mitglieder, Unterst\u00fctzer, Interessenten, Kunden oder sonstiger Personen gem\u00e4\u00df Art. 6 Abs. 1 lit. b. DSGVO, wenn wir vertragliche Leistungen ihnen gegen\u00fcber anbieten oder im Rahmen bestehender gesch\u00e4ftlicher Beziehung, z.B. gegen\u00fcber Mitgliedern, t\u00e4tig werden oder wenn wir selbst Empf\u00e4nger von Zuwendungen und Leistungen sind. Au\u00dferdem verarbeiten wir die Daten betroffener Personen gem. Art. 6 Abs. 1 lit. f. DSGVO auf Grundlage unserer berechtigten Interessen, z.B. wenn es sich um administrative Aufgaben oder \u00d6ffentlichkeitsarbeit handelt.<\/p>\n\n\n\n<p>Nach dem zugrundeliegenden Vertragsverh\u00e4ltnis bestimmen sich Zweck, Art, Umfang, Erforderlichkeit und die Daten der Verarbeitung. Dazu geh\u00f6ren sowohl Bestands- und Stammdaten der Personen, als auch Kontaktdaten (z.B., E-Mailadresse, Telefon, etc.), weitere Vertragsdaten (z.B., Leistungen, mitgeteilte Inhalte und Informationen, Kontaktpersonen) und bei zahlungspflichtigen Leistungen oder Produkten die Zahlungsdaten (z.B., Bankverbindung, Zahlungshistorie, etc.).<\/p>\n\n\n\n<p>Daten, die zur Erbringung unserer satzungs- und gesch\u00e4ftsm\u00e4\u00dfigen Zwecke nicht mehr erforderlich sind werden gel\u00f6scht. Das ist abh\u00e4ngig von den jeweiligen Aufgaben und Vertragsbeziehungen. Die gesetzlichen Aufbewahrungspflichten werden ber\u00fccksichtigkeit bei der Beurteilung der Erforderlichkeit der Speicherung bzw. L\u00f6schung.<\/p>\n\n\n\n<h3 class=\"wp-block-heading\">Vereinsmitgliedschaft<\/h3>\n\n\n\n<p>Wir sind als Verein verpflichtet ein Mitgliedsverzeichnis zu f\u00fchren und verarbeiten damit zur Erf\u00fcllung rechtlicher Pflichten gem. Art. 6 Abs. 1 lit c DSGVO und aufgrund unseres berechtigten Interesses gem. Art. 6 Abs. 1 lit f DSGVO die personenbezogenen Daten der Vereinsmitglieder. Bei den erhobenen Daten handelt es sich um Namen, Geburtsdatum, Wohnadresse, E-Mail-Adresse und &#8211; sofern Lehrer\/Lehrerin &#8211; die Schule und die Unterrichtsf\u00e4cher.<\/p>\n\n\n\n<p>Die ZUM ben\u00f6tigt die personenbezogenen Daten ihrer Mitglieder zur Erf\u00fcllung des in der Satzung niedergelegten Vereinszweckes. Die Mitglieder k\u00f6nnen so \u00fcber Entwicklungen und Neuigkeiten informiert und zu Veranstaltungen wie z.B. Workshops und Mitglieder-Versammlungen eingeladen werden. Die unterschriebenen Beitrittserkl\u00e4rungen werden digital oder in Papierform aufbewahrt.<\/p>\n\n\n\n<h3 class=\"wp-block-heading\">Veranstaltungen<\/h3>\n\n\n\n<p>Die ZUM f\u00fchrt unterschiedliche Veranstaltungen durch, wie z.B. ZUM-Workshop, Mitgliedertreffen, Workshops und Schulungen oder sonstige Veranstaltungen, die einer Anmeldung bed\u00fcrfen. Zur Vorbereitung und Durchf\u00fchrung einer Veranstaltung (Art. 6 Abs. 1 lit. b) DSGVO), verarbeiten wir personenbezogene Daten der Interessenten und Teilnehmer:<\/p>\n\n\n\n<p>Innerhalb des Anmeldeverfahrens, erheben wir von dir als Interessenten Name und Adresse sowie \u2013 falls bei Veranstaltungen gefordert \u2013 vorgangsbezogen deine Kontoinformationen. Wir fragen ebenfalls auch Kontaktm\u00f6glichkeiten wie Telefonnummer oder E-Mail-Adresse ab. Die zuvor genannten Daten ben\u00f6tigt die ZUM, um mit dir einen Vertrag schlie\u00dfen zu k\u00f6nnen, um die Zwecke Planung, Durchf\u00fchrung, Abrechnung und Auswertung einer Veranstaltung durchf\u00fchren zu k\u00f6nnen. Um dir deine Anmeldung best\u00e4tigen zu k\u00f6nnen, bei R\u00fcckfragen oder um dir weitere Informationen zum Programm oder kurzfriste \u00c4nderungen mitzuteilen, erfassen wir von dir o.g. Kontaktm\u00f6glichkeiten.<\/p>\n\n\n\n<p>Wenn wir eine Veranstaltung mit einer externen \u00dcbernachtung anbieten, geben wir die Namen der Teilnehmenden an die Einrichtung, in der wir \u00fcbernachten, weiter, damit diese dies hinterlegen kann. Auf die Weitergabe wird der Teilnehmer bei Anmeldung hingewiesen.<\/p>\n\n\n\n<p>Wenn du an Veranstaltungen der ZUM teilnimmst, kann es zur Aufnahme von Bildern und\/oder Videos kommen. Im Nachgang der Veranstaltungen werden die Bild und\/oder Videodaten von uns gespeichert. Eine Auswahl von Bildern und\/oder Videos nutzt die ZUM zum Zweck der Berichterstattung in ihren Online-Medien oder f\u00fcr Werbezwecke (z.B. f\u00fcr n\u00e4chste Veranstaltungen). Wenn wir ein Bild oder Video ver\u00f6ffentlichen, wo du zu sehen bist, holen wir uns von dir deine Einwilligung (Art. 6 Abs. 1 lit. a) DSGVO) ein, die du jederzeit widerrufen kannst siehe Widerrufsrecht.<\/p>\n\n\n\n<h3 class=\"wp-block-heading\">Besuch des Webauftritts<\/h3>\n\n\n\n<p>ZUM verwendet zur Reichweitenanalyse das Werkzeug Matomo auf allen Seiten des Webauftritts. Aufgrund unserer berechtigten Interessen (d.h. Erstellung von Mediadaten, Optimierung unseres Onlineangebotes) nach Art.6 Abs 1 lit. f. DSGVO verarbeiten wir die folgenden Daten: Anzahl der Besuche, Zeitpunkt der Serveranfrage, Herkunftsland der Anfrage, deine Verweildauer, verwendete externe Links, Browsertyp, Browserversion, dein verwendetes Betriebssystem. Die IP-Adresse der Besucher wird anonymisiert bevor sie gespeichert wird. Matomo ben\u00f6tigt f\u00fcr die Reichweitenanalyse Cookies, welche auf dem Computer des Besuchers gespeichert werden. Aus den gesammelten Daten k\u00f6nnen pseudonyme Nutzungsprofile erstellt werden. Die gesammelten Informationen werde nicht an Dritte weitergegeben. Besucher k\u00f6nnen der anonymisierten Datenerhebung jederzeit widersprechen in dem sie die DO-NOT-TRACK Funktion deines Browsers verwenden. Die Logs mit den Besucherdaten werden nach 6 Monaten gel\u00f6scht.<\/p>\n\n\n\n<h3 class=\"wp-block-heading\">Betrieb des Webauftritts<\/h3>\n\n\n\n<p>Zur Bereitstellung des Webangebotes der ZUM verwenden wir IT-Serviceanbieter die uns Infrastruktur, Rechenkapazit\u00e4t, Speicherplatz und Datenbanken, E-Mail Server, Sicherheitsleistungen, Entwicklungs- sowie technische Wartungsleistungen bereitstellen die wir zum Betrieb dieses Onlineangebotes einsetzen. Server-Standorte sind in Deutschland.&nbsp;<\/p>\n\n\n\n<p>Dabei verarbeiten wir, bzw. unsere IT-Serviceanbieter Bestandsdaten, Kontaktdaten, Inhaltsdaten, Vertragsdaten, Nutzungsdaten, Meta- und Kommunikationsdaten von Kunden, Interessenten und Besuchern dieses Onlineangebotes um unserer berechtigtes Interessen an einer sicheren und effizienten Bereitstellung des Webangebotes nach Art. 6 Abs. 1 lit. f DSGVO zu erm\u00f6glichen. Dies geschieht im Rahmen einer Auftragsverarbeitung nach Art. 28 DSGVO.<\/p>\n\n\n\n<h3 class=\"wp-block-heading\">Zugriffsdaten und Logfiles<\/h3>\n\n\n\n<p>Wir, bzw. unser IT-Serviceanbieter, erheben zur Durchsetzung unserer berechtigten Interessen im Sinne des Art. 6 Abs. 1 lit. f. DSGVO Daten \u00fcber jeden Serverzugriff, auf dem sich dieser Dienst befindet (sogenannte Serverlogfiles). Dazu erfassen wir Datum und Uhrzeit des Abrufs, die abgerufenen Adresse, \u00fcbertragene Datenmenge, Statusmeldung des Abrufs, IP-Adresse sowie die vom Besucher \u00fcbermittelte Informationen zu Browsertyp und -version und Betriebssystem, Referrer URL. Logfile-Informationen werden aus Sicherheitsgr\u00fcnden (z.B. zur Aufkl\u00e4rung von Missbrauchs- oder Betrugshandlungen) f\u00fcr die Dauer von maximal 7 Tagen gespeichert und danach gel\u00f6scht. Daten, deren weitere Aufbewahrung zu Beweiszwecken erforderlich ist, sind bis zur endg\u00fcltigen Kl\u00e4rung des jeweiligen Vorfalls von der L\u00f6schung ausgenommen. Eine Weitergabe an Dritte erfolgt grunds\u00e4tzlich nicht mit es sei denn es ist erforderlich zur Durchsetzung unserer Anspr\u00fcche oder aufgrund rechtlicher Verpflichtungen gem\u00e4\u00df Ar. 6 Abs. 1 lit c DSGVO.<\/p>\n\n\n\n<h3 class=\"wp-block-heading\">Benutzerkonten<\/h3>\n\n\n\n<p>Zum Zweck der Nutzung vieler Dienste der ZUM wird ein Benutzerkonto ben\u00f6tigt. Die notwendigen Pflichtangaben werden im Rahmen des Registrierungsprozess mitgeteilt und gem. Art. 6 Abs.1 lit. b. zur Bereitstellung des Benutzerkontos und Erf\u00fcllung des Zwecks des Benutzerkontos verarbeitet. Wenn du uns zus\u00e4tzlich freiwillig dein Geschlecht und eine Rufnummer mitteilst, k\u00f6nnen wir dich auch richtig ansprechen und telefonischen Kontakt zu dir aufnehmen. Wir k\u00f6nnen dich \u00fcber die von dir angegebenen Kontaktm\u00f6glichkeiten \u00fcber relevante Informationen zu deinem Benutzerkonto (z.B. techn. \u00c4nderungen) informieren. Vorbehaltlich gesetzlicher Aufbewahrungsfristen werden deine Daten bei einer K\u00fcndigung gel\u00f6scht.<\/p>\n\n\n\n<p>Spezifische Informationen zu einzelnen Diensten der ZUM werden im weiteren Verlauf dieser Datenschutzerkl\u00e4rung dargelegt. F\u00fcr manche Dienste kann es sein, dass das Anlegen des Benutzerkontos nicht durch dich erfolgte sondern z.B. deinem Lehrer<\/p>\n\n\n\n<p>Du hast die M\u00f6glichkeit, dein Benutzerkonto jederzeit wieder l\u00f6schen zu lassen. Bitte verwende dazu die M\u00f6glichkeiten die der Dienst anbietet oder wende dich an den Verantwortlichen.<\/p>\n\n\n\n<h3 class=\"wp-block-heading\">Nutzergenerierte Inhalte<\/h3>\n\n\n\n<p>Die meisten Angebote der ZUM erlauben das erstellen nutzergenerierte Inhalte (z.B. Kommentare, Wikiseiten, GrundschulWebQuests, ZUMPad). Da wir f\u00fcr widerrechtliche Inhalte selbst belangt werden k\u00f6nnen speichern wir deine IP-Adresse zur eventuell notwendigen Feststellung des Verfassers im Rahmen unserer berechtigten Interessen nach Art. 6 Abs. 1 lit. f. DSGVO. Desweiteren behalten wir uns vor die Inhalte zur Erkennung von Spam weiter zu verarbeiten. Die Daten nutzergenerierter Inhalte speichern wir dauerhaft bis zum Widerspruch des Nutzers. Sofern ein Dienst keine anderen M\u00f6glichkeiten bietet, sind die Nutzergenerierten Inhalte \u00f6ffentlich sichtbar und verkn\u00fcpft mit dem Benutzerkonto des Nutzers um die Kommunikation und Vernetzung innerhalb der Nutzerschaft zu bef\u00f6rdern.<\/p>\n\n\n\n<h3 class=\"wp-block-heading\">Wikis<\/h3>\n\n\n\n<p>Die ZUM betreibt neben dem \u201eZUM-Wiki\u201c bzw. dem \u201eZUM-Unterrichten\u201c verschiedene Wikis zu unterschiedlichen Themen. Dazu z\u00e4hlen Schulwikis, projektbezogene Wikis ebenso wie das \u201eGrundschullernportal\u201c, das \u201eGrundschulwiki\u201c und das \u201eProjektwiki\u201c. Eine vollst\u00e4ndige Liste aller Wikis der ZUM findet sich unter <a href=\"https:\/\/www.zum.de\/portal\/wikis\">https:\/\/www.zum.de\/portal\/wikis<\/a>.<\/p>\n\n\n\n<p>Je nach Ausrichtung und Schwerpunkt des einzelnen Wikis werden von folgenden Institutionen bzw. Personen Daten erhoben: Schulen, Institutionen (z.B. Universit\u00e4ten), Nutzerinnen und Nutzern \u2013 im Speziellen: Lehrerinnen und Lehrern, Sch\u00fclerinnen und Sch\u00fclern sowie deren Erziehungsberechtigten. Die Daten werden mit Beginn der Projektarbeit gespeichert und bleiben f\u00fcr die Dauer der Laufzeit des jeweiligen Wikis gespeichert. Im Folgenden werden die Verfahren und Zwecke, zu denen die personenbezogenen Daten in den Wikis erhoben werden k\u00f6nnen, beschrieben. Dabei gilt es zu beachten, dass nicht in allen Wikis der ZUM alle u.g. Daten erhoben werden (in Wikis ohne Sch\u00fcleraktivit\u00e4ten entfallen z.B. Abschnitt c-e).<\/p>\n\n\n\n<h4 class=\"wp-block-heading\">a) Daten der Schulen<\/h4>\n\n\n\n<p>Der Name der Schule (und falls vorhanden die Webseite der Schule) wird erhoben und ggf. im Wiki ver\u00f6ffentlicht. Dar\u00fcber hinaus wird die Schule ggf. als Partnerschule des Wikis u.a. in Infobrosch\u00fcren genannt (z.B. beim Projektwiki oder Grundschullernportal).<\/p>\n\n\n\n<p>Der Vor- und Nachname der Schulleitung sowie Anschrift der Schule, Telefonnummer und E-Mailadresse werden ausschlie\u00dflich zu Kontaktzwecken erhoben (z.B. beim Projektwiki oder Grundschullernportal). Die Schulleitung unterzeichnet das Anmeldeformular und die Erkl\u00e4rung zur Teilnahme und stimmt der Datenschutzvereinbarung zu. Dar\u00fcber hinaus werden die Vor- und Nachnamen und E-Mailadressen von mindestens einem Ansprechpartner bzw. einer Ansprechpartnerin (i.d.R. einer Lehrerin\/ eines Lehrers bei Projekten mit Sch\u00fclerinnen und Sch\u00fclern) erhoben, damit Kontakt zur Schule aufgenommen werden kann. Diese Daten werden nicht im Wiki ver\u00f6ffentlicht sondern nur intern f\u00fcr die Kommunikation verwendet.<\/p>\n\n\n\n<h4 class=\"wp-block-heading\">b) Daten der Nutzerinnen und Nutzer (in Wiki-Projekten ohne Beteiligung von Sch\u00fclerinnen und Sch\u00fclern unter 16 Jahren)<\/h4>\n\n\n\n<p>Damit Nutzerinnen und Nutzer (z.B. Lehrerinnen und Lehrer) in einzelnen Wikis Accounts registrieren bzw. beantragen k\u00f6nnen, m\u00fcssen sie einen selbst gew\u00e4hlten Benutzernamen, ein Passwort und ihre E-Mailadresse angeben.<\/p>\n\n\n\n<p>Mit den hinterlegten Benutzerdaten haben die Nutzerinnen und Nutzer Zugang zur aktiven Mitarbeit in Wikis, ihr Benutzername erscheint auf folgenden Seiten: Benutzerseite und Versionsverwaltung i.w.S.<\/p>\n\n\n\n<p>Die E-Mailadressen der Nutzerinnen und Nutzer werden bei der Erstellung der Accounts erfasst und im Wiki-System hinterlegt, damit bei Bedarf das Passwort wiederhergestellt werden kann. Die E-Mailadresse ist f\u00fcr Dritte nicht sichtbar.<\/p>\n\n\n\n<p>Die Inhalte, die die Nutzerinnen und Nutzer im Wiki erstellen \u2013 wie bspw. Steckbriefe, Lernmaterialien, Unterrichtseinheiten etc. \u2013 werden im Wiki gespeichert und ver\u00f6ffentlicht.<\/p>\n\n\n\n<h4 class=\"wp-block-heading\">c) Daten der Lehrerinnen und Lehrer (in Wiki-Projekten mit Beteiligung von Sch\u00fclerinnen und Sch\u00fclern unter 16 Jahren)<\/h4>\n\n\n\n<p>Werden Sch\u00fclerinnen und Sch\u00fcler aktiv in die Arbeit im Wiki einbezogen, werden von den verantwortlichen Lehrerinnen und Lehrern Vor- und Nachname erhoben und zur Erstellung der Accounts genutzt (z.B. beim Projektwiki oder Grundschullernportal). Damit haben die Lehrerinnen und Lehrer Zugang zur aktiven Nutzung des Wikis, ihr Benutzername erscheint auf folgenden Seiten: Benutzerseite und Versionsverwaltung i.w.S.<\/p>\n\n\n\n<p>Haben Lehrerinnen und Lehrer \u00fcber ein entsprechendes Anmeldeformular einen Admin-Account beantragt, k\u00f6nnen sie dar\u00fcber selbstst\u00e4ndig Sch\u00fclerinnen und Sch\u00fcler anmelden. F\u00fcr die Erstellung der Sch\u00fcler-Accounts gelten besondere Regelungen (siehe hierzu Abschnitt d und e).<\/p>\n\n\n\n<p>F\u00fcr Hinweise zu E-Mailadressen und erstellten Inhalten von Lehrerinnen und Lehrern in Wiki-Projekten mit Beteiligung von Sch\u00fclerinnen und Sch\u00fclern unter 16 Jahren siehe Abschnitt b).<\/p>\n\n\n\n<h4 class=\"wp-block-heading\">d) Daten der Sch\u00fclerinnen und Sch\u00fcler (unter 16 Jahre)<\/h4>\n\n\n\n<p>Von Sch\u00fclerinnen und Sch\u00fclern, die aktiv in Wiki-Projekten mitarbeiten (z.B. beim Projektwiki oder Grundschullernportal), werden Pseudonyme erhoben und zur Erstellung der Accounts genutzt. Damit haben die Sch\u00fclerinnen und Sch\u00fcler Zugang zur aktiven Nutzung des Wikis, ihr Benutzername in Form von Pseudonymen erscheint auf folgenden Seiten: Benutzerseite und Versionsverwaltung i.w.S.<\/p>\n\n\n\n<p>Die Inhalte, die die Sch\u00fclerinnen und Sch\u00fcler im Wiki erstellen \u2013 wie bspw. Steckbriefe, \u00dcbungen etc. \u2013 werden im Wiki gespeichert und ver\u00f6ffentlicht.<\/p>\n\n\n\n<h4 class=\"wp-block-heading\">e) Daten der Erziehungsberechtigten (bei Wiki-Projekten mit Beteiligung von Sch\u00fclerinnen und Sch\u00fclern unter 16 Jahren)<\/h4>\n\n\n\n<p>Von den Erziehungsberechtigten der teilnehmenden Sch\u00fclerinnen und Sch\u00fclern (s. Abschnitt d) werden Einverst\u00e4ndniserkl\u00e4rung zur Nutzung des Wikis erhoben. Diese beinhalten die Vor- und Nachname der Erziehungsberechtigten, den Vor- und Nachname des Kindes und den Namen der Schule. Die Erziehungsberechtigten unterzeichnen die Erkl\u00e4rung zur Teilnahme und stimmen der Datenschutzvereinbarung zu. Die Daten werden nur intern verwendet und nicht im Wiki gespeichert.<\/p>\n\n\n\n<h3 class=\"wp-block-heading\">ZUM-Grundschulpost<\/h3>\n\n\n\n<p>Die ZUM bietet einen E-Mail-Dienst speziell f\u00fcr Kinder im Grundschulalter an. Um den Dienst f\u00fcr Kinder der o.g. Altersgruppe anbieten zu k\u00f6nnen, werden von den Erziehungsberechtigten der interessierten Kinder folgende personenbezogene Daten erhoben: Vor- und Nachname des Kindes, Geburtsdatum, Vor- und Nachname, Anschrift sowie E-Mailadresse der Erziehungsberechtigten. Die zuvor genannten Daten ben\u00f6tigt die ZUM zum Zusenden der Benutzerkonten bzw. zur Erstellung und Verwaltung von Benutzerkonten f\u00fcr die o.g. Zielgruppe. Um die Anmeldung best\u00e4tigen zu k\u00f6nnen, bei R\u00fcckfragen oder um weitere Informationen zum E-Maildienst oder kurzfristige \u00c4nderungen mitzuteilen, erfassen wir die o.g. Kontaktm\u00f6glichkeiten. Zur Erf\u00fcllung des Angebotes werden die E-Mailaddresse und der Vor- und Nachname zur Einrichtung und Betrieb des Benutzerkontos sowie Protokolldaten der Nutzung bei unserem IT Systemdienstleister verarbeitet (siehe Betrieb des Webauftritts und Zugriffsdaten und Logfiles).<\/p>\n\n\n\n<h3 class=\"wp-block-heading\">GrundschulWebQuest<\/h3>\n\n\n\n<p>Die von der ZUM angebotenen GrundschulWebQuests k\u00f6nnen grunds\u00e4tzlich ohne Registrierung oder Anmeldung genutzt werden. ZUM-GrundschulWebQuest bietet dar\u00fcber hinaus einen Generator f\u00fcr PrimarWebQuests an, mit dem man eigene WebQuests erstellen kann. Dabei wird jeder PrimarWebQuest-Entwurf von erfahrenen Experten gepr\u00fcft, gegebenenfalls werden R\u00fcckmeldung und Anregung zur Ver\u00e4nderung gegeben. Das Erstellen von WebQuests unter ZUM-GrundschulWebQuest ist kostenfrei, allerdings m\u00fcssen die Hinweise zur Erstellung und sp\u00e4tere Hinweise zur \u00dcberarbeitung beachtet werden.<\/p>\n\n\n\n<p>Um diese Seite und den Service nutzen zu k\u00f6nnen, wird den Nutzerinnen und Nutzern ein Benutzername und ein Passwort zugeteilt. \u00dcber das Anmeldeformular werden folgende personenbezogene Daten erhoben: Vor- und Nachname, Anschrift, E-Mailadresse, gew\u00fcnschter Benutzername und gew\u00fcnschtes Passwort interessierter Nutzerinnen und Nutzer (i.d.R. Lehrerinnen und Lehrer). Die zuvor genannten Daten ben\u00f6tigt die ZUM zum Zusenden der Benutzerkonten bzw. zur Erstellung und Verwaltung von Benutzerkonten. Um die Anmeldung best\u00e4tigen zu k\u00f6nnen, bei R\u00fcckfragen oder um weitere Informationen zum E-Maildienst oder kurzfristige \u00c4nderungen mitzuteilen, erfassen wir die o.g. Kontaktm\u00f6glichkeiten..<\/p>\n\n\n\n<h3 class=\"wp-block-heading\">Eigenst\u00e4ndige Autorenseiten<\/h3>\n\n\n\n<p>Die ZUM hostet verschiedene eigenst\u00e4ndige Seiten f\u00fcr Mitglieder, auf denen diese als Autoren\/Autorinnen Unterrichtsmaterial und Unterrichtsideen zur Verf\u00fcgung stellen.<\/p>\n\n\n\n<p>Die personenbezogenen Daten der Autoren\/Autorinnen sind im Mitglieder-Verzeichnis gesammelt, das Mitglieder-Verzeichnis wird von einem Mitglied des Vorstandes verwaltet. Bei den erhobenen Daten handelt es sich um Namen, Geburtsdatum, Wohnadresse, E-Mail-Adresse und &#8211; sofern Lehrer\/Lehrerin &#8211; die Schule und die Unterrichtsf\u00e4cher.<\/p>\n\n\n\n<p>Die Autoren\/Autorinnen m\u00fcssen eine Verpflichtungserkl\u00e4rung abgeben. Die unterschriebenen \u201eVerpflichtungserkl\u00e4rungen\u201c werden in Papierform aufbewahrt.<\/p>\n\n\n\n<p>Die ZUM ben\u00f6tigt die personenbezogenen Daten von Autoren\/Autorinnen, um sie \u00fcber Entwicklungen und Neuigkeiten informieren und zu Veranstaltungen wie z.B. Workshops und Mitglieder-Versammlungen einladen zu k\u00f6nnen. Dar\u00fcber hinaus k\u00f6nnen Anregungen und Einspr\u00fcche von Besuchern der gehosteten Seiten an die Autoren\/Autorinnen weitergeleitet werden.<\/p>\n\n\n\n<h3 class=\"wp-block-heading\">ZUM-Portal<\/h3>\n\n\n\n<p>Das ZUM-Portal erlaubt das Hinterlegen von Kommentaren. Bei Kommentaren werden folgende Daten erhoben: selbstgew\u00e4hlter Name. Des weiteren verweisen wir auf die Beschreibungen im Abschnitt Besuch des Webauftritts sowie Zugriffsdaten und Logfiles. Der vom Nutzer eingetragene Name ist \u00f6ffentlich sichtbar. Der hinterlassene Kommentar wird ebenfalls ver\u00f6ffentlicht vgl. mit dem Abschnitt Nutzergenerierte Inhalte.<\/p>\n\n\n\n<h3 class=\"wp-block-heading\">ZUM-News<\/h3>\n\n\n\n<p>Interessierte Personen k\u00f6nnen sich f\u00fcr den ZUM Newsletter \u201cZUM-News\u201d anmelden. Eine automatische Anmeldung durch Nutzung andere ZUM Dienste findet nicht statt. Eine Abmeldung ist jederzeit m\u00f6glich und wird in jedem versendeten Newsletter aufgezeigt.<\/p>\n\n\n\n<p>ZUM verwendet zum Versenden des Newsletters den Versanddienstleister \u201eMailChimp\u201c. Das ist ein Dienst der Rocket Science Group, LLC, 675 Ponce De Leon Ave NE #5000, Atlanta, GA 30308, USA. Dessen Datenschutzbestimmungen k\u00f6nnen Sie hier abrufen: <a href=\"https:\/\/mailchimp.com\/legal\/privacy\/\">https:\/\/mailchimp.com\/legal\/privacy\/<\/a>. The Rocket Science Group LLC ist unter dem Privacy-Shield-Abkommen zertifiziert und bietet hierdurch eine Garantie, dem europ\u00e4ischen Datenschutzniveau zu entsprechen (<a href=\"https:\/\/www.privacyshield.gov\/participant?id=a2zt0000000TO6hAAG&amp;status=Active\">https:\/\/www.privacyshield.gov\/participant?id=a2zt0000000TO6hAAG&amp;status=A&#8230;<\/a>).<\/p>\n\n\n\n<p>Der Versanddienstleister wird auf Grundlage unserer berechtigten Interessen gem. Art. 6 Abs. 1 lit. f DSGVO und mit einem Auftragsverarbeitungsvertrages gem. Art. 28 Abs. 3 S. 1 DSGVO verwendet. Der Versanddienstleister nutzt die Daten unserer Newsletterempf\u00e4nger nicht, um diese selbst anzuschreiben oder um die Daten an Dritte weiterzugeben. Er kann die Empf\u00e4ngerdaten in pseudonymer Form zur Optimierung und Verbesserung seines Dienstes nutzen.<\/p>\n\n\n\n<h3 class=\"wp-block-heading\">Zahlungsdienstleister<\/h3>\n\n\n\n<p>Auf unserer Website bieten wir u.a. die M\u00f6glichkeit zu Spendenzahlungen aufgrund unseres berechtigten Interesses nach Art 6. Abs. 1 lit. f (z.B. Deckung unserer Kosten, Diversifizierung der Einnahmequellen) an. Dies geschieht \u00fcber externe Zahlungsdienstleister an.<\/p>\n\n\n\n<p>Der Zahlungsdienstleister verarbeitet die von dir eingegebenen Zahlungsdaten sowie Bestandsdaten um die Transaktion durchzuf\u00fchren. \u00dcblicherweise werden diese Daten auch zu weiteren Pr\u00fcfungen z.B. Bonit\u00e4tspr\u00fcfung an weitere Dienstleister weitergegeben. Es gelten die Gesch\u00e4ftsbedingungen und Datenschutzhinweise des Zahlungsanbieters, welche w\u00e4hrend der Transaktionsabwicklung einsehbar sind. Informationen bez\u00fcglich deiner Rechte insbesondere Widerrufs-, Auskunfts- oder Betroffenenrechte findest du beim Zahlungsanbieter.<\/p>\n\n\n\n<p>Anbieter dieses Zahlungsdienstes ist die PayPal (Europe) S.\u00e0.r.l. et Cie, S.C.A., 22-24 Boulevard Royal, L-2449 Luxembourg (im Folgenden \u201cPayPal\u201d). Die Datenschutzerkl\u00e4rung von PayPal kann eingesehen werden unter <a href=\"https:\/\/www.paypal.com\/de\/webapps\/mpp\/ua\/privacy-full\">https:\/\/www.paypal.com\/de\/webapps\/mpp\/ua\/privacy-full<\/a>.<\/p>\n\n\n\n<h3 class=\"wp-block-heading\">Google AdSense<\/h3>\n\n\n\n<p>Wir nutzen zur Generierung von Einnahmen und wirtschaftlichen Betrieb im Rahmen unserer berechtigten Interessen nach Art. 6 Abs. 1 lit. f. DSGVO) die Dienste der Google LLC, 1600 Amphitheatre Parkway, Mountain View, CA 94043, USA, (\u201eGoogle\u201c).<\/p>\n\n\n\n<p>Google ist unter dem Privacy-Shield-Abkommen zertifiziert und garantiert damit ein europ\u00e4isches Datenschutzniveau (<a href=\"https:\/\/www.privacyshield.gov\/participant?id=a2zt000000001L5AAI&amp;status=Active\">https:\/\/www.privacyshield.gov\/participant?id=a2zt000000001L5AAI&amp;status=A&#8230;<\/a>).<\/p>\n\n\n\n<p>Wir nutzen Google AdSense, das uns hilft Anzeigen in unsere Webseite einzublenden und f\u00fcr deren Einblendung oder anderer Nutzung eine Entlohnung zu erhalten. Dazu werden Nutzungsdaten, wie z.B. der Klick auf eine Anzeige und die IP-Adresse der Nutzer verarbeitet, wobei die IP-Adresse um die letzten beiden Stellen gek\u00fcrzt wird. Daher erfolgt die Verarbeitung der Daten der Nutzer pseudonymisiert.<\/p>\n\n\n\n<p>Wir setzen Adsense mit personalisierten Anzeigen ein. Dabei zieht Google R\u00fcckschl\u00fcsse auf deine Interessen aus den Nutzerprofilen die erstellt wurden auf Grundlage der von Nutzern besuchten Websites oder verwendeten Apps. Werbetreibende k\u00f6nnen damit ihre Kapmpagnen an deinen Interessen ausrichten. Zur Erstellung der Nutzerprofile verwendet Google fr\u00fchere Suchanfragen, Aktivit\u00e4ten, Webseitenbesuche, demografische und Standortinformationen. Im Einzelnen umfasst dies: demografisches Targeting, Targeting auf Interessenkategorien, Remarketing sowie Targeting auf Listen zum Kundenabgleich und Zielgruppenlisten, die in DoubleClick Bid Manager oder Campaign Manager hochgeladen wurden.<\/p>\n\n\n\n<p>In der Datenschutzerkl\u00e4rung von Google <a href=\"https:\/\/policies.google.com\/technologies\/ads\">https:\/\/policies.google.com\/technologies\/ads<\/a> sowie in den Einstellung zur Darstellung von Werbung durch Google <a href=\"https:\/\/adssettings.google.com\/authenticated\">https:\/\/adssettings.google.com\/authenticated<\/a> findest du weitere Informationen zur Datenverarbeitung. Insbesondere sind dort die Einstellungs- und Widerspruchsm\u00f6glichkeiten erl\u00e4utert.<\/p>\n\n\n\n<h3 class=\"wp-block-heading\">Einbindung von externen Inhalten<\/h3>\n\n\n\n<p>Insbesondere unsere Wikis aber auch andere Angebote der ZUM betten Inhalte von Drittanbietern ein. Grundlage ist unser berechtigtes Interesse (z.B. wirtschaftlicher Betrieb unseres Onlineangebots) nach Art. 6 Abs. 1 lit. f. DSGVO. Dies erm\u00f6glicht uns z.B. Videos, Schriftarten, interaktive Lern\u00fcbungen (im weiteren bezeichnet als \u201eInhalte\u201c) einzubinden.<\/p>\n\n\n\n<p>Der Drittanbieter dieser Inhalte kann technisch bedingt immer die IP-Adresse des Besuchers wahrnehmen. Wir bem\u00fchen uns nur solche Drittanbieter einzubetten bzw. deren Einbettung zu erm\u00f6glichen welche die IP-Adresse nur soweit verarbeiten wie es f\u00fcr die Darstellung der Inhalte notwendig ist. Drittanbieter k\u00f6nnen ebenso eigene Cookies lesen und auch setzen, sofern du im Browser die Erstellung von sogenannten Third-Party Cookies nicht unterbunden hast. Dar\u00fcber kann der Drittanbieter den Besucherverkehr auswerten und dich auch als wiederkehrenden Besucher erkennen und mit anderen Ihm zur Verf\u00fcgung stehenden Datenquellen verkn\u00fcpfen. Dies sind M\u00f6glichkeiten die dein Browser dem Drittanbieter bietet, ZUM \u00fcbermittelt keine personenbezogenen Daten an Dritte zu diesem Zwecke.<\/p>\n\n\n\n<h4 class=\"wp-block-heading\">Twitter Plugin<\/h4>\n\n\n\n<p>In unserem Webangebot k\u00f6nnen Funktionen des Dienstes Twitter eingebunden sein. Diese Funktionen werden angeboten durch die Twitter Inc., 1355 Market Street, Suite 900, San Francisco, CA 94103, USA. Wenn du bei Twitter angemeldet bist so kann dein Besuch bei uns von Twitter mit deinem Nutzerprofil in Verbindung gebracht werden. Weitere Informationen hierzu findest du in der Datenschutzerkl\u00e4rung von Twitter unter: <a href=\"https:\/\/twitter.com\/de\/privacy\">https:\/\/twitter.com\/de\/privacy<\/a>. Twitter ist unter dem EU-Privacy Shield Abkommen (<a href=\"https:\/\/www.privacyshield.gov\/participant?id=a2zt0000000TORzAAO&amp;status=Active\">https:\/\/www.privacyshield.gov\/participant?id=a2zt0000000TORzAAO&amp;status=A&#8230;<\/a>) zertifiziert und best\u00e4tigt damit die Einhaltung eines europ\u00e4ischen Datenschutzniveais. Deine Datenschutzeinstellungen bei Twitter kannst Du in den Konto-Einstellungen unter <a href=\"https:\/\/twitter.com\/account\/settings\">https:\/\/twitter.com\/account\/settings<\/a> \u00e4ndern.<\/p>\n\n\n\n<h4 class=\"wp-block-heading\">Google Fonts, Youtube, Google Maps<\/h4>\n\n\n\n<p>Wir binden Schriftarten (&#8222;Google Fonts&#8220;), Videos (\u201eYoutube\u201c) und Landkarten (\u201eGoogle Maps)des Anbieters Google LLC, 1600 Amphitheatre Parkway, Mountain View, CA 94043, USA, ein. Insbesondere Google Maps fordert von deinem Browser Standortinformationen an, sofern dies nicht in deinem Browser dekativiert ist Googles Datenschutzerkl\u00e4rung: <a href=\"https:\/\/www.google.com\/policies\/privacy\/\">https:\/\/www.google.com\/policies\/privacy\/<\/a>, Opt-Out: <a href=\"https:\/\/adssettings.google.com\/authenticated\">https:\/\/adssettings.google.com\/authenticated<\/a>.<\/p>\n\n\n\n<h4 class=\"wp-block-heading\">LearningApps<\/h4>\n\n\n\n<p>Innerhalb dieser Website werden interaktive Lernbausteine des Nonprofit-Vereins LearningApps, LearningApps, Wolfackerstrasse 33, CH-4658 D\u00e4niken, Schweiz, zur Darstellung von interaktiven Lernbausteinen eingebunden.<\/p>\n\n\n\n<p>LearningApps.org ist eine nichtkommerzielle Plattform zur Unterst\u00fctzung von Lehr- und Lernprozessen.<\/p>\n\n\n\n<p>Nach unserer Kenntnis werden die Daten der Nutzer durch LearningApps.org ausschlie\u00dflich zu Zwecken der Darstellung der interaktiven Bausteine und Zwischenspeicherung der gew\u00e4hlten Einstellungen verwendet. LearningApps gibt an, alle personenbezogene Daten vertraulich zu behandeln und grunds\u00e4tzlich keine personenbezogenen Daten an Dritte weiter zu geben. Man kann diese Website besuchen und vorhandene Lernbausteine nutzen, ohne dass Angaben zu eigenen Person gemacht werden muss. Zugriffsdaten (wie z.B. IP-Adresse, Datum und Uhrzeit des Zugriffes, Name der aufgerufenen Datei) werden von LearningApps nur f\u00fcr das Erstellen von anonymisierten Nutzungsstatistiken durch Google Analytics als Dienstleister erfasst.<\/p>\n\n\n\n<p>Bei der Einbindung der interaktiven Lernbausteine berufen wir uns auf Art. 6 Abs. 1 lit. f DSGVO, d.h. als Webseitenbetreiber haben wir ein berechtigtes Interesse daran, die Benutzerfreundlichkeit unserer Website zu verbessern. Informationen zum Datenschutz und rechtlichen Rahmenbedingungen bei LearningApps sind unter den folgenden Links abrufbar: <a href=\"https:\/\/learningapps.org\/rechtliches.php\">https:\/\/learningapps.org\/rechtliches.php<\/a><\/p>\n\n\n\n<h4 class=\"wp-block-heading\">H5P<\/h4>\n\n\n\n<p>Innerhalb dieser Website werden interaktive Lernbausteine von H5P, betrieben von Joubel AS, H5P c\/o Flow Coworking AS Strandgata 9, 9008 Troms\u00f8. zur Darstellung von interaktiven Lernbausteinen eingebunden. Die von H5P ver\u00f6ffentlichten Datenschutzbestimmungen, die unter <a href=\"https:\/\/h5p.org\/privacy\">https:\/\/h5p.org\/privacy<\/a> abrufbar sind, geben Aufschluss \u00fcber die Erhebung, Verarbeitung und Nutzung personenbezogener Daten.<\/p>\n\n\n\n<h4 class=\"wp-block-heading\">GeoGebra<\/h4>\n\n\n\n<p>Innerhalb unserer Webseiten &#8211; insbesondere der Wikis &#8211; werden interaktive Mathe Apps des Nonprofit-Unternehmens International GeoGebra Institute und GeoGebra GmbH mit Sitz in Linz, \u00d6sterreich zur Darstellung von dynamischer Mathematiksoftware eingebunden. Die von GeoGebra ver\u00f6ffentlichten Nutzungsbedingungen, die unter <a href=\"https:\/\/www.geogebra.org\/privacy\">https:\/\/www.geogebra.org\/privacy<\/a> abrufbar sind, geben Aufschluss \u00fcber die Erhebung, Verarbeitung und Nutzung personenbezogener Daten.<\/p>\n\n\n\n<h2 class=\"wp-block-heading\">Rechte betroffener Personen<\/h2>\n\n\n\n<p>Du hast das Recht, eine Best\u00e4tigung dar\u00fcber zu verlangen, ob betreffende Daten verarbeitet werden und auf Auskunft \u00fcber diese Daten sowie auf weitere Informationen und Kopie der Daten gem\u00e4\u00df Art. 15 DSGVO.<\/p>\n\n\n\n<p>Du hast gem\u00e4\u00df Art. 16 DSGVO das Recht, die Vervollst\u00e4ndigung der dich betreffenden Daten oder deren Berichtigung zu verlangen.<\/p>\n\n\n\n<p>Du hast gem\u00e4\u00df Art. 17 DSGVO das Recht zu verlangen, dass dich betreffende Daten unverz\u00fcglich gel\u00f6scht werden oder gem\u00e4\u00df Art. 18 DSGVO eine Einschr\u00e4nkung der Verarbeitung der Daten zu verlangen.<\/p>\n\n\n\n<p>Du hast das Recht zu verlangen, dass die durch dich bereitgestellten dich betreffenden Daten, gem\u00e4\u00df Art. 20 DSGVO zu erhalten und deren \u00dcbermittlung an andere Verantwortliche zu fordern.<\/p>\n\n\n\n<p>Du haben gem\u00e4\u00df Art. 77 DSGVO das Recht, eine Beschwerde bei der zust\u00e4ndigen Aufsichtsbeh\u00f6rde einzureichen.<\/p>\n\n\n\n<h3 class=\"wp-block-heading\">Widerrufsrecht<\/h3>\n\n\n\n<p>Du hast das Recht, erteilte Einwilligungen gem. Art. 7 Abs. 3 DSGVO mit zuk\u00fcnftiger Wirkung zu widerrufen.<\/p>\n\n\n\n<h3 class=\"wp-block-heading\">Widerspruchsrecht<\/h3>\n\n\n\n<p>Du kannst einer zuk\u00fcnftigen Verarbeitung der dich betreffenden Daten gem\u00e4\u00df Art. 21 DSGVO jederzeit widersprechen. Insbesondere kann der Widerspruch gegen die Verarbeitung zum Zweck der Direktwerbung gerichtet sein.<\/p>\n\n\n\n<h2 class=\"wp-block-heading\">Anpassung dieser Datenschutzerkl\u00e4rung<\/h2>\n\n\n\n<p>Wir behalten uns vor diese Datenschutzerkl\u00e4rung von Zeit zu Zeit zu aktualisieren. \u00c4nderungen werden auf unserer Webseite ver\u00f6ffentlicht. \u00c4nderung gelten ab ihrer Publikation auf unserer Website. Wir empfehlen daher diese Seite regelm\u00e4\u00dfig aufzurufen um \u00fcber eventuell vorhandenen Aktualisierungen informiert zu bleiben.<\/p>\n\n\n\n<p>Aktueller Stand: Mai 2018<\/p>\n\n\n\n<h2 class=\"wp-block-heading\">Vielen Dank<\/h2>\n\n\n\n<p>Bei der Erstellung dieser Datenschutzerkl\u00e4rung waren folgende Quellen eine sehr gern gesehene Erleichterung:<\/p>\n\n\n\n<ul class=\"wp-block-list\">\n<li><a href=\"https:\/\/www.beck-shop.de\/erste-hilfe-datenschutz-grundverordnung-unternehmen-vereine\/productview.aspx?product=21443886\">Erste Hilfe zur Datenschutz-Grundverordnung f\u00fcr Unternehmen und Vereine<\/a><\/li>\n\n\n\n<li>der Podcast <a href=\"https:\/\/rechtsbelehrung.com\/\">Rechtsbelehrung<\/a> Folge 54 und 55<\/li>\n\n\n\n<li>der <a href=\"https:\/\/datenschutz-generator.de\/\">Datenschutz-Generator.de von RA Dr Thomas Schwenke<\/a><\/li>\n\n\n\n<li>der Verordnungstext in durchsuchbarer Form <a href=\"https:\/\/dsgvo-gesetz.de\/\">dsgvo-gesetz.de<\/a><\/li>\n\n\n\n<li>und die <a href=\"https:\/\/ec.europa.eu\/info\/law\/law-topic\/data-protection\/reform\/rules-business-and-organisations_de\">Infomaterialien der Europ\u00e4ischen Komission<\/a><\/li>\n<\/ul>\n","protected":false},"excerpt":{"rendered":"<p>Die folgenden Hinweise geben einen einfachen \u00dcberblick dar\u00fcber, was mit deinen personenbezogenen Daten passiert, wenn du unsere Website besuchst. Verantwortlicher F\u00fcr die Verarbeitung personenbezogener Daten verantwortlich ist der Zentrale f\u00fcr [&hellip;]<\/p>\n","protected":false},"author":2,"featured_media":0,"parent":0,"menu_order":59,"comment_status":"closed","ping_status":"open","template":"","meta":{"_acf_changed":false,"gastautor_name":"","gastautor_foto":"","gastautor_funktion":"","gastautor_beschreibung":"","gastautor_css":"","testimonial_foto":"","testimonial_funktion":"","testimonial_zitat":"","testimonial_css":"","zum_angebot_logo":"","zum_angebot_farbe":"","zum_angebot_link":"","zum_angebot_beschreibung":"","footnotes":""},"class_list":["post-1513","page","type-page","status-publish","hentry"],"acf":[],"_links":{"self":[{"href":"https:\/\/www.zum.de\/portal\/wp-json\/wp\/v2\/pages\/1513","targetHints":{"allow":["GET"]}}],"collection":[{"href":"https:\/\/www.zum.de\/portal\/wp-json\/wp\/v2\/pages"}],"about":[{"href":"https:\/\/www.zum.de\/portal\/wp-json\/wp\/v2\/types\/page"}],"author":[{"embeddable":true,"href":"https:\/\/www.zum.de\/portal\/wp-json\/wp\/v2\/users\/2"}],"replies":[{"embeddable":true,"href":"https:\/\/www.zum.de\/portal\/wp-json\/wp\/v2\/comments?post=1513"}],"version-history":[{"count":4,"href":"https:\/\/www.zum.de\/portal\/wp-json\/wp\/v2\/pages\/1513\/revisions"}],"predecessor-version":[{"id":51403,"href":"https:\/\/www.zum.de\/portal\/wp-json\/wp\/v2\/pages\/1513\/revisions\/51403"}],"wp:attachment":[{"href":"https:\/\/www.zum.de\/portal\/wp-json\/wp\/v2\/media?parent=1513"}],"curies":[{"name":"wp","href":"https:\/\/api.w.org\/{rel}","templated":true}]}}