{"id":18313,"date":"2022-11-24T17:42:59","date_gmt":"2022-11-24T16:42:59","guid":{"rendered":"https:\/\/www.zum.de\/portal\/?page_id=18313"},"modified":"2022-11-24T17:43:00","modified_gmt":"2022-11-24T16:43:00","slug":"laudatio-von-prof-dr-felix-hinz-fuer-den-1-preis","status":"publish","type":"page","link":"https:\/\/www.zum.de\/portal\/laudatio-von-prof-dr-felix-hinz-fuer-den-1-preis\/","title":{"rendered":"LAUDATIO VON PROF. DR. FELIX HINZ F\u00dcR DEN 1. PREIS"},"content":{"rendered":"<p>LAUDATIO VON PROF. DR. FELIX HINZ F\u00dcR DEN 1. PREIS<br \/>\nZUM-Sch\u00fclerwettbewerb<br \/>\n\u201eErinnerung sichtbar machen \u2013 80 Jahre Reichpogromnacht\u201c<\/p>\n<p>LAUDATIO 1. PREIS, 28.10.2018, NEUE SYNAGOGE MAINZ<br \/>\nvon Prof. Dr. Felix Hinz (Freiburg)<\/p>\n<p>Meine sehr verehrten Damen und Herren! Liebe Sch\u00fclerinnen und Sch\u00fcler!<\/p>\n<p>Allgemeine W\u00fcrdigung des Wettbewerbs<br \/>\nEs ist mir eine Ehre, beim bundesweiten Sch\u00fclerwettbewerb \u201eErinnerung sichtbar machen \u2013 80 Jahre Reichspogromnacht\u201c als Juror und Laudator mitwirken zu d\u00fcrfen. Denn das Anliegen dieses Wettbewerbs ist wichtig, in Jugendlichen durch eigene historische Nachforschungen oder durch Rezeption der im Zuge des Wettbewerbs entstandenen Medienprodukte das Bewusstsein zu wecken, dass es einmal eine Nacht gab, in der man deutschlandweit Jagd auf Menschen machte, und diese auf jede denkbare Weise verh\u00f6hnt, gedem\u00fctigt oder sogar get\u00f6tet wurden.<\/p>\n<p>Leider ist es wohl eine Tatsache, dass die Kulturschicht, die in Gesellschaften ein humanes Miteinander erm\u00f6glicht, d\u00fcnn ist. Darunter schlummern immer Kr\u00e4fte, die gewaltbereit sind und sich r\u00fccksichtslos mit dem vermeintlichen Recht des St\u00e4rkeren gegen eine liberale Grundordnung stellen. Diesen Kr\u00e4ften gilt es keinen Raum zu geben, insbesondere dann nicht, wenn sie in aller \u00d6ffentlichkeit w\u00fcten, und genau diese Grenze wurde am 9. November 1938 in ganz Deutschland \u00fcberschritten. F\u00fcr die Nationalsozialisten war es ein Test. Ein Test, der ihnen zeigen sollte, wie die Menschen in Deutschland reagierten, wenn man sie mit ganz offen ausge\u00fcbter Gewalt gegen andere Menschen, in diesem Fall die j\u00fcdischen Menschen in Deutschland, konfrontierte. W\u00fcrden sie sich vom Gewaltrausch mitrei\u00dfen lassen? W\u00fcrden sie Widerstand leisten und sich sch\u00fctzend vor die Opfer stellen? Oder w\u00fcrden sie durch die Entfesselung von Hass und Gewalt v\u00f6llig eingesch\u00fcchtert sein, oder ihr vielleicht gleichg\u00fcltig gegen\u00fcberstehen?<\/p>\n<p>Gerade, weil wir wissen, dass die meisten damals jedenfalls nicht die Opfer oder ihr Eigentum sch\u00fctzten, und weil wir auch wissen, was danach noch alles geschah, wird uns bewusst, dass man den Anf\u00e4ngen wehren muss.<\/p>\n<p>Leider sehen wir aber auch heute wieder in unserer Gesellschaft Hass und Gewalt gegen bestimmte Minderheiten \u2013 z.B. bei den Ausschreitungen am 26.\/27. August diesen Jahres in Chemnitz. Die Situation, dass wir Zeugen von in aller \u00d6ffentlichkeit inszenierter Gewalt werden, die sich gegen Menschen richtet, ist immer eine Probe nicht nur f\u00fcr das einzelne Individuum, sondern f\u00fcr die freiheitliche Gesellschaft insgesamt. Die Probe ist heute einfacher als 1938, denn heute kann man die Polizei rufen. Doch leider ist Wegschauen dennoch auch heute noch ein weit verbreitetes Verhaltensmuster. Das darf nicht sein.<\/p>\n<p>Wo Menschenverachtung sichtbar wird, m\u00fcssen wir Erinnerung sichtbar machen. Trauernde Erinnerung an die unschuldigen Opfer des NS-Staates und mahnende Erinnerung f\u00fcr uns alle und die Zukunft unserer Gesellschaft, die sich nach 1945 nicht ohne Grund die W\u00fcrde des Menschen als das sch\u00fctzenswerteste aller G\u00fcter verschrieben hat.<\/p>\n<p>Beschreibung des Wettbewerbsbeitrages<br \/>\nHinschauen, nachfragen, den Sinn der Geschichte f\u00fcr das Hier und Heute formulieren \u2013 das tut der zehnmin\u00fctige Film, dem die Jury den ersten Preis des Sch\u00fclerwettbewerbs zuerkennt. Es handelt sich um eine am Willigis-Gymnasium Mainz entstandene Dokumentation \u00fcber die damaligen Ereignisse und tr\u00e4gt den (wie mir scheint naheliegenden) Titel \u201e80 Jahre Reichspogromnacht \u2013 Erinnerung sichtbar machen \u2013 Der Film\u201c.<\/p>\n<p>Beteiligt waren an diesem Projekt Franziska Ki\u00dfener, Matthias Nick, Frederick Farhat und nicht zuletzt, n\u00e4mlich in Bezug auf Drehbuch, Kamera und Schnitt Simon Leoff. Selbst die musikalische Grundierung wurde von einem Sch\u00fcler komponiert, n\u00e4mlich von Justus Wolf. Unterst\u00fctzung erfuhr das Filmteam aus der 11. Jahrgangsstufe durch ihren Lehrer Claus Christian Speck.<\/p>\n<p>Begr\u00fcndung f\u00fcr den ersten Preis<br \/>\nWas bewog die Jury, diesem Kurzfilm den ersten Preis zu verleihen?<\/p>\n<p>Besonders \u00fcberzeugend fanden wir die erkl\u00e4rte Absicht, eine klar definierte Zielgruppe erreichen zu wollen, die typischerweise in der oben beschriebenen Situation ratlos zuschaut und \u2013 nicht aus B\u00f6sartigkeit oder Menschenverachtung, sondern \u2013 schlicht  aus Unkenntnis mit dem Ereignis \u00fcberfordert ist. Wir haben ja viele Projekte begutachtet, und die Idee, einfach einmal \u201eOtto Normal\u201c auf der Stra\u00dfe nach der Reichspogromnacht von 1938 zu befragen, hatten viele. Die Ergebnisse zeigen \u00fcbereinstimmend eine erschreckende Ahnungslosigkeit, vor allem bei Teenagern.<\/p>\n<p>Hier wollte die Sch\u00fclergruppe ansetzen. In der Projektbeschreibung hei\u00dft es: \u201eWichtig war es [\u2026] f\u00fcr uns, einen Beitrag zu gestalten, der besonders Jugendliche anspricht, die sich von selbst weniger mit dem Thema besch\u00e4ftigen w\u00fcrden.\u201c<\/p>\n<p>Dies k\u00f6nnte mit dem Film unserer Einsch\u00e4tzung nach tats\u00e4chlich gelingen. Dazu tr\u00e4gt nicht nur sein Spannungsb\u00f6gen beachtendes Skript bei, sondern auch seine fast professionell wirkende Machart. Der Film enth\u00e4lt, wie Sie gleich selbst sehen werden, alle typischen Elemente eines Dokumentarfilms: einen Sprecher, Originalaufnahmen, Zeitzeugenberichte, Expertenmeinungen und sogar nachgespielte Szenen.<\/p>\n<p>Inhaltlich geht es um die Reichspogromnacht in Mainz, aber schnell wird klar, dass der Ort austauschbar ist und die Ereignisse in ganz Deutschland gemeint sind.<\/p>\n<p>Beeindruckt hat uns nicht zuletzt auch, mit welcher Konsequenz in der Sache die Gruppe angesichts der Ereignisse von Chemnitz Ende August entschied, das fast fertige Produkt trotz nahenden Abgabetermins noch einmal umzuarbeiten, um die zukunftsorientierte Aussage des Films noch sinnf\u00e4lliger zu betonen. Hier wie auch beim sonstigen Film zeigt sich die F\u00e4higkeit, aus der F\u00fclle des Materials pointiert auszuw\u00e4hlen und zueinander in Beziehung zu setzen. Mit filmischen Mitteln werden so gleich zu Anfang die f\u00fcr uns heute wichtigen Fragen gestellt: Auf der einen Seite ein in Chemnitz \u201eWir sind die Fans, Adolf Hitler Hooligans\u201c gr\u00f6lender Mob, auf der anderen Seite eine \u00e4ltere Frau, die ihre Teilnahme an der Demonstration mit dem Argument \u201eIch bin eigentlich nur mitgegangen.\u201c zu rechtfertigen sucht. Abgesehen davon, dass wir schon kleinen Kindern einsch\u00e4rfen, dass man nicht einfach nur mit jemandem mitgeht, zeigt der Film eindr\u00fccklich, weshalb dies bei m\u00fcndigen B\u00fcrgerinnen und B\u00fcrgern, die Augen und Ohren und \u00fcberdies die Pflicht haben, sich politisch zu informieren, v\u00f6llig inakzeptabel ist. Der Kurzfilm, so erneut die Projektbeschreibung, solle nicht nur zum Nachdenken, sondern auch zum Handeln anregen. \u2013 Und dies w\u00e4re ja in der Tat die erstrebenswerteste Form der Sichtbarmachung von Erinnerung an die Pogromnacht und die Shoah: \u00f6ffentlich Stellung zu beziehen und die W\u00fcrde von Menschen zu verteidigen, wo immer diese bedroht ist.<\/p>\n<div class=\"shariff shariff-align-flex-start shariff-widget-align-flex-start\" style=\"display:none\" data-url=\"https%3A%2F%2Fwww.zum.de%2Fportal%2Flaudatio-von-prof-dr-felix-hinz-fuer-den-1-preis%2F\" data-timestamp=\"1669311780\" data-backendurl=\"https:\/\/www.zum.de\/portal\/wp-json\/shariff\/v1\/share_counts?\"><div class=\"ShariffHeadline\">Teilen<\/div><ul class=\"shariff-buttons theme-round orientation-horizontal buttonsize-medium\"><li class=\"shariff-button whatsapp shariff-nocustomcolor shariff-mobile\" style=\"background-color:#5cbe4a\"><a href=\"https:\/\/api.whatsapp.com\/send?text=https%3A%2F%2Fwww.zum.de%2Fportal%2Flaudatio-von-prof-dr-felix-hinz-fuer-den-1-preis%2F%20LAUDATIO%20VON%20PROF.%20DR.%20FELIX%20HINZ%20F%C3%9CR%20DEN%201.%20PREIS\" title=\"Bei Whatsapp teilen\" aria-label=\"Bei Whatsapp teilen\" role=\"button\" rel=\"noopener nofollow\" class=\"shariff-link\" style=\"; background-color:#34af23; color:#fff\" target=\"_blank\"><span class=\"shariff-icon\" style=\"\"><svg width=\"32px\" height=\"20px\" xmlns=\"http:\/\/www.w3.org\/2000\/svg\" viewBox=\"0 0 32 32\"><path fill=\"#34af23\" d=\"M17.6 17.4q0.2 0 1.7 0.8t1.6 0.9q0 0.1 0 0.3 0 0.6-0.3 1.4-0.3 0.7-1.3 1.2t-1.8 0.5q-1 0-3.4-1.1-1.7-0.8-3-2.1t-2.6-3.3q-1.3-1.9-1.3-3.5v-0.1q0.1-1.6 1.3-2.8 0.4-0.4 0.9-0.4 0.1 0 0.3 0t0.3 0q0.3 0 0.5 0.1t0.3 0.5q0.1 0.4 0.6 1.6t0.4 1.3q0 0.4-0.6 1t-0.6 0.8q0 0.1 0.1 0.3 0.6 1.3 1.8 2.4 1 0.9 2.7 1.8 0.2 0.1 0.4 0.1 0.3 0 1-0.9t0.9-0.9zM14 26.9q2.3 0 4.3-0.9t3.6-2.4 2.4-3.6 0.9-4.3-0.9-4.3-2.4-3.6-3.6-2.4-4.3-0.9-4.3 0.9-3.6 2.4-2.4 3.6-0.9 4.3q0 3.6 2.1 6.6l-1.4 4.2 4.3-1.4q2.8 1.9 6.2 1.9zM14 2.2q2.7 0 5.2 1.1t4.3 2.9 2.9 4.3 1.1 5.2-1.1 5.2-2.9 4.3-4.3 2.9-5.2 1.1q-3.5 0-6.5-1.7l-7.4 2.4 2.4-7.2q-1.9-3.2-1.9-6.9 0-2.7 1.1-5.2t2.9-4.3 4.3-2.9 5.2-1.1z\"\/><\/svg><\/span><\/a><\/li><li class=\"shariff-button mailto shariff-nocustomcolor\" style=\"background-color:#a8a8a8\"><a href=\"mailto:?body=https%3A%2F%2Fwww.zum.de%2Fportal%2Flaudatio-von-prof-dr-felix-hinz-fuer-den-1-preis%2F&subject=LAUDATIO%20VON%20PROF.%20DR.%20FELIX%20HINZ%20F%C3%9CR%20DEN%201.%20PREIS\" title=\"Per E-Mail versenden\" aria-label=\"Per E-Mail versenden\" role=\"button\" rel=\"noopener nofollow\" class=\"shariff-link\" style=\"; background-color:#999; color:#fff\"><span class=\"shariff-icon\" style=\"\"><svg width=\"32px\" height=\"20px\" xmlns=\"http:\/\/www.w3.org\/2000\/svg\" viewBox=\"0 0 32 32\"><path fill=\"#999\" d=\"M32 12.7v14.2q0 1.2-0.8 2t-2 0.9h-26.3q-1.2 0-2-0.9t-0.8-2v-14.2q0.8 0.9 1.8 1.6 6.5 4.4 8.9 6.1 1 0.8 1.6 1.2t1.7 0.9 2 0.4h0.1q0.9 0 2-0.4t1.7-0.9 1.6-1.2q3-2.2 8.9-6.1 1-0.7 1.8-1.6zM32 7.4q0 1.4-0.9 2.7t-2.2 2.2q-6.7 4.7-8.4 5.8-0.2 0.1-0.7 0.5t-1 0.7-0.9 0.6-1.1 0.5-0.9 0.2h-0.1q-0.4 0-0.9-0.2t-1.1-0.5-0.9-0.6-1-0.7-0.7-0.5q-1.6-1.1-4.7-3.2t-3.6-2.6q-1.1-0.7-2.1-2t-1-2.5q0-1.4 0.7-2.3t2.1-0.9h26.3q1.2 0 2 0.8t0.9 2z\"\/><\/svg><\/span><\/a><\/li><\/ul><\/div>","protected":false},"excerpt":{"rendered":"<p>LAUDATIO VON PROF. DR. FELIX HINZ F\u00dcR DEN 1. PREIS ZUM-Sch\u00fclerwettbewerb \u201eErinnerung sichtbar machen \u2013 80 Jahre Reichpogromnacht\u201c LAUDATIO 1. PREIS, 28.10.2018, NEUE SYNAGOGE MAINZ von Prof. Dr. Felix Hinz [&hellip;]<\/p>\n","protected":false},"author":277,"featured_media":0,"parent":0,"menu_order":31,"comment_status":"closed","ping_status":"closed","template":"","meta":{"_acf_changed":false,"gastautor_name":"","gastautor_foto":"","gastautor_funktion":"","gastautor_beschreibung":"","gastautor_css":"","testimonial_foto":"","testimonial_funktion":"","testimonial_zitat":"","testimonial_css":"","zum_angebot_logo":"","zum_angebot_farbe":"","zum_angebot_link":"","zum_angebot_beschreibung":"","footnotes":""},"class_list":["post-18313","page","type-page","status-publish","hentry"],"acf":[],"_links":{"self":[{"href":"https:\/\/www.zum.de\/portal\/wp-json\/wp\/v2\/pages\/18313","targetHints":{"allow":["GET"]}}],"collection":[{"href":"https:\/\/www.zum.de\/portal\/wp-json\/wp\/v2\/pages"}],"about":[{"href":"https:\/\/www.zum.de\/portal\/wp-json\/wp\/v2\/types\/page"}],"author":[{"embeddable":true,"href":"https:\/\/www.zum.de\/portal\/wp-json\/wp\/v2\/users\/277"}],"replies":[{"embeddable":true,"href":"https:\/\/www.zum.de\/portal\/wp-json\/wp\/v2\/comments?post=18313"}],"version-history":[{"count":1,"href":"https:\/\/www.zum.de\/portal\/wp-json\/wp\/v2\/pages\/18313\/revisions"}],"predecessor-version":[{"id":18314,"href":"https:\/\/www.zum.de\/portal\/wp-json\/wp\/v2\/pages\/18313\/revisions\/18314"}],"wp:attachment":[{"href":"https:\/\/www.zum.de\/portal\/wp-json\/wp\/v2\/media?parent=18313"}],"curies":[{"name":"wp","href":"https:\/\/api.w.org\/{rel}","templated":true}]}}