{"id":18405,"date":"2022-11-25T16:00:12","date_gmt":"2022-11-25T15:00:12","guid":{"rendered":"https:\/\/www.zum.de\/portal\/?page_id=18405"},"modified":"2022-11-25T16:00:13","modified_gmt":"2022-11-25T15:00:13","slug":"erinnerung-sichtbar-machen-auf-den-spuren-gertrud-luckners","status":"publish","type":"page","link":"https:\/\/www.zum.de\/portal\/erinnerung-sichtbar-machen-auf-den-spuren-gertrud-luckners\/","title":{"rendered":"Erinnerung sichtbar machen: Auf den Spuren Gertrud Luckners"},"content":{"rendered":"<div class=\"main-container container\">\n<div class=\"row\">\n<aside class=\"aside-first col-md-3\" style=\"display: none;\">\n<div class=\"region region-sidebar-first col-md-3 affix-top\" style=\"width: 205px;\">\n<section id=\"block-block-4\" class=\"block block-block clearfix\">\n<div class=\"bs-sidebar hidden-print\" role=\"complementary\"><\/div>\n<\/section>\n<\/div>\n<\/aside>\n<div class=\"region region-content col-md-9 col-md-10\">\n<p><i style=\"font-size: revert; color: initial;\">Anmerkung der Redaktion:<\/i><span style=\"font-size: revert; color: initial;\"> Die Daten zu diesem Projekt wurden in das System von <\/span><a style=\"font-size: revert; background-color: #ffffff;\" href=\"https:\/\/www.future-history.eu\/de\/fh-entdecken-map?y=47.9925301684877&amp;x=7.850625000000036&amp;z=16&amp;k=&amp;d=-550--2018&amp;a=all&amp;suid=all&amp;aud=all&amp;ove=all&amp;s=dist&amp;t=152,Auf%2520den%2520Spuren%2520Gertrud%2520Luckners,3435&amp;tags=all\">Future History eingespeist und k\u00f6nnen auch dort angeschaut werden<\/a><span style=\"font-size: revert; color: initial;\">. Wenn Sie auf die Daumenbilder in der rechten Spalte klicken, erscheint &#8222;Bild Details&#8220;. Nach einem weiteren Klick darauf erhalten Sie das Bild in Gro\u00dfansicht mit dem beschreibenden Text. Oft sind alte und neue Ansichten \u00fcberlagerbar und zus\u00e4tzlich Audio oder Videoclips abrufbar (bitte beachten!) Hier auf ZUM.DE sind die Daten bei Future History als Iframe eingebunden. Mit der Zur\u00fccktaste des Browsers kommen Sie immer wieder zur Startseite. Da die Bilder mit den GPS-Daten versehen sind, k\u00f6nnen diese mit der Future History App am Smartphone oder Tablet vor Ort im augmented reality Modus erlebbar gemacht werden.<\/span><\/p>\n<section id=\"block-system-main\" class=\"block block-system clearfix\">\n<div id=\"node-863\" class=\"node node-page clearfix\">\n<div class=\"content\">\n<div class=\"field field-name-body field-type-text-with-summary field-label-hidden\">\n<div class=\"field-items\">\n<div class=\"field-item even\">\n<h2>Auf den Spuren Gertrud Luckners<\/h2>\n<p><strong>Projekt der Gertrud-Luckner-Gewerbeschule in Freiburg\u00a0(Projektleitung: Frau Sandra Butsch)<\/strong><\/p>\n<h3>A. Die Tour<\/h3>\n<p>Vor Ort kann mit dem Smartphone diese Tour erwandert werden.<br \/>\nEine Stadttour durch Freiburg mit Stationen an der Gertrud-Luckner-Gewerbschule (Standort Kirchstra\u00dfe), Lessingschule, Landsknechtstra\u00dfe, Adelhauserkirche, Werthmannhaus, Alten Syangoge und Neuen Synagoge. Die Tour beleuchtet j\u00fcdisches Leben in Freiburg heute und w\u00e4hrend der Zeit des Nationalsozialismus, gedenkt der Opfer des Nationalsozialismus und erinnert an das Leben und Wirken der Freiburger NS-Widerstandsk\u00e4mpferin Dr. Gertrud Luckner.<\/p>\n<p><iframe loading=\"lazy\" src=\"https:\/\/iframe.future-history.eu\/de\/fh-entdecken-map?y=47.9925301684877&amp;x=7.850625000000036&amp;z=16&amp;k=&amp;d=-550--2018&amp;a=all&amp;suid=all&amp;aud=all&amp;ove=all&amp;s=dist&amp;t=152,Auf%2520den%2520Spuren%2520Gertrud%2520Luckners,3435&amp;tags=all\" width=\"100%\" height=\"2000px\">https:\/\/iframe.future-history.eu\/de\/fh-entdecken-map?y=47.9925301684877&amp;x=7.850625000000036&amp;z=16&amp;k=&amp;d=-550&#8211;2018&amp;a=all&amp;suid=all&amp;aud=all&amp;ove=all&amp;s=dist&amp;t=152,Auf%2520den%2520Spuren%2520Gertrud%2520Luckners,3435&amp;tags=all<\/iframe><\/p>\n<h3>B. Die Einzelbilder<\/h3>\n<h4>1. Dr. Gertrud Luckner 1935\/1980<\/h4>\n<p><iframe loading=\"lazy\" src=\"https:\/\/iframe.future-history.eu\/de\/ansicht\/dr-gertrud-luckner-freiburg-im-breisgau-1935-glgsfr\" width=\"100%\" height=\"2000px\" frameborder=\"0\"><\/iframe><\/p>\n<h4>2. Stolperstein Dr. Gertrud Luckner<\/h4>\n<p><iframe loading=\"lazy\" src=\"https:\/\/iframe.future-history.eu\/de\/ansicht\/stolperstein-dr-luckner-freiburg-im-breisgau-2018-glgsfr\" width=\"100%\" height=\"2000px\" frameborder=\"0\"><\/iframe><\/p>\n<h4>3. Lessingschule 1930\/2018<\/h4>\n<p><iframe loading=\"lazy\" src=\"https:\/\/iframe.future-history.eu\/de\/ansicht\/lessingschule-freiburg-im-breisgau-1930-glgsfr\" width=\"100%\" height=\"2000px\" frameborder=\"0\"><\/iframe><\/p>\n<h4>4. Landsknechtstrasse 1930\/2018<\/h4>\n<p><iframe loading=\"lazy\" src=\"https:\/\/iframe.future-history.eu\/de\/ansicht\/landsknechtstrasse-freiburg-im-breisgau-1930-glgsfr\" width=\"100%\" height=\"2000px\" frameborder=\"0\"><\/iframe><\/p>\n<h4>5. Adelhausenerkirche um 1930\/2018<\/h4>\n<p><iframe loading=\"lazy\" src=\"https:\/\/iframe.future-history.eu\/de\/ansicht\/adelhauserkirche-freiburg-im-breisgau-1930-glgsfr\" width=\"100%\" height=\"2000px\" frameborder=\"0\"><\/iframe><\/p>\n<h4>6. Werthmannhaus 1930\/2018<\/h4>\n<p><iframe loading=\"lazy\" src=\"https:\/\/iframe.future-history.eu\/de\/ansicht\/werthmannhaus-freiburg-im-breisgau-1930-glgsfr\" width=\"100%\" height=\"2000px\" frameborder=\"0\"><\/iframe><\/p>\n<h4>7. Alte Synagoge 1930\/2018<\/h4>\n<p><iframe loading=\"lazy\" src=\"https:\/\/iframe.future-history.eu\/de\/ansicht\/alte-synagoge-freiburg-im-breisgau-1930-glgsfr\" width=\"100%\" height=\"2000px\" frameborder=\"0\"><\/iframe><\/p>\n<h4>8. Platz der Alten Synagoge 1930\/2018<\/h4>\n<p><iframe loading=\"lazy\" src=\"https:\/\/iframe.future-history.eu\/de\/ansicht\/platz-der-alten-synagoge-freiburg-im-breisgau-1930-glgsfr\" width=\"100%\" height=\"2000px\" frameborder=\"0\"><\/iframe><\/p>\n<h4>9. Neue Synagoge 2018<\/h4>\n<p><iframe loading=\"lazy\" src=\"https:\/\/iframe.future-history.eu\/de\/ansicht\/neue-synagoge-freiburg-im-breisgau-2018-glgsfr\" width=\"100%\" height=\"2000px\" frameborder=\"0\"><\/iframe><\/p>\n<h3>C. Holocaust Gedenken 2018 mit Audio<\/h3>\n<p><iframe loading=\"lazy\" src=\"https:\/\/iframe.future-history.eu\/de\/ansicht\/holocaust-gedenken-freiburg-im-breisgau-2018-glgsfr\" width=\"100%\" height=\"2000px\" frameborder=\"0\"><\/iframe><\/p>\n<h3>D. Interview Gedenken 2018<\/h3>\n<p>Interview \u00fcber das Gedenken zum Holocaust<\/p>\n<p><iframe id=\"fitvid719542\" src=\"https:\/\/www.youtube.com\/embed\/G8S0XLNAedo\" frameborder=\"0\" allowfullscreen=\"allowfullscreen\"><\/iframe><\/p>\n<p>Teile der Gruppe f\u00fchrten ein Interview mit Renana und Haim aus Israel zum Thema Gedenken, Gedenkkultur und Verh\u00e4ltnis von Israelis und Deutschen heutzutage.<\/p>\n<p>Renanas Eltern sind einerseits polnisch- und russischst\u00e4mmig, andererseits &#8222;pal\u00e4stinensisch&#8220;, das meint in diesem Fall, Juden, die viele Jahrhunderte im heutigen Israel leben. Haims Wurzeln liegen in Rum\u00e4nien und seine Familie hat nur zum Teil die Konzentrations- und Vernichtungslager \u00fcberlebt. Haims Vater, einer der \u00dcberlebenden, nahm sich das Leben, wie so viele \u00dcberlebende, und Haim fand den toten Vater als er noch ein kleines Kind war. Der Vater kam mit den schrecklichen Bildern eines \u00dcberlebt-Habenden in seinem Kopf nicht klar, wie k\u00f6nnte man, und erh\u00e4ngte sich.<\/p>\n<p>F\u00fcr uns Sch\u00fclerinnen war es beeindruckend, wie viel Optimismus und Lebensfreude bei dem Interview \u00fcbermittelt wurde. Nachdem wir \u00fcber die Familiengeschichte der beiden informiert waren, hatten wir Bedenken, Sie als &#8222;Deutsche&#8220; zu interviewen. Man sch\u00e4mt sich unweigerlich und f\u00fchlt sich schlecht. Aus dieser Gef\u00fchlslage heraus ein Interview zu f\u00fchren, machte uns zuerst nerv\u00f6s, was dazu f\u00fchrte, dass wir uns extrem gut vorbereiten mussten. Au\u00dferdem sollten wir das Interview auf Englisch f\u00fchren, was f\u00fcr uns auch nicht allt\u00e4glich ist.<\/p>\n<p>Renana und Haim antworteten freundschaftlich und offen auf alle unsere Fragen, was sicher nicht selbstverst\u00e4ndlich ist. Sie betonten immer wieder, wie wichtig es sei, \u00fcber die Schrecken des Nationalsozialismus zu sprechen, vor allem Kindern und Jugendlichen davon zu berichten, in der Hoffnung, dass so etwas Schreckliches nie wieder passieren w\u00fcrde. Auf die Frage hin, was wir denn weiterhin tun k\u00f6nnten, um Schuld wieder gut zu machen, antworteten Sie, dass es nicht unsere Schuld sei und dass wir weiterhin nachfragen, dar\u00fcber informieren und aufkl\u00e4ren m\u00fcssten. Es liege in der Hand unserer Generation, ob sich so etwas Schreckliches wiederholen w\u00fcrde oder nicht.<\/p>\n<p>&#8212;&#8212;&#8212;&#8212;&#8212;-<\/p>\n<p><a href=\"https:\/\/www.zum.de\/portal\/Erinnerung-sichtbar-machen-80-Jahre-Reichspogromnacht-2018\">Zur\u00fcck zur Liste der eingereichten Projekte<\/a><\/p>\n<\/div>\n<\/div>\n<\/div>\n<\/div>\n<\/div>\n<\/section>\n<\/div>\n<\/div>\n<\/div>\n<div class=\"shariff shariff-align-flex-start shariff-widget-align-flex-start\" style=\"display:none\" data-url=\"https%3A%2F%2Fwww.zum.de%2Fportal%2Ferinnerung-sichtbar-machen-auf-den-spuren-gertrud-luckners%2F\" data-timestamp=\"1669392013\" data-backendurl=\"https:\/\/www.zum.de\/portal\/wp-json\/shariff\/v1\/share_counts?\"><div class=\"ShariffHeadline\">Teilen<\/div><ul class=\"shariff-buttons theme-round orientation-horizontal buttonsize-medium\"><li class=\"shariff-button whatsapp shariff-nocustomcolor shariff-mobile\" style=\"background-color:#5cbe4a\"><a href=\"https:\/\/api.whatsapp.com\/send?text=https%3A%2F%2Fwww.zum.de%2Fportal%2Ferinnerung-sichtbar-machen-auf-den-spuren-gertrud-luckners%2F%20Erinnerung%20sichtbar%20machen%3A%20Auf%20den%20Spuren%20Gertrud%20Luckners\" title=\"Bei Whatsapp teilen\" aria-label=\"Bei Whatsapp teilen\" role=\"button\" rel=\"noopener nofollow\" class=\"shariff-link\" style=\"; background-color:#34af23; color:#fff\" target=\"_blank\"><span class=\"shariff-icon\" style=\"\"><svg width=\"32px\" height=\"20px\" xmlns=\"http:\/\/www.w3.org\/2000\/svg\" viewBox=\"0 0 32 32\"><path fill=\"#34af23\" d=\"M17.6 17.4q0.2 0 1.7 0.8t1.6 0.9q0 0.1 0 0.3 0 0.6-0.3 1.4-0.3 0.7-1.3 1.2t-1.8 0.5q-1 0-3.4-1.1-1.7-0.8-3-2.1t-2.6-3.3q-1.3-1.9-1.3-3.5v-0.1q0.1-1.6 1.3-2.8 0.4-0.4 0.9-0.4 0.1 0 0.3 0t0.3 0q0.3 0 0.5 0.1t0.3 0.5q0.1 0.4 0.6 1.6t0.4 1.3q0 0.4-0.6 1t-0.6 0.8q0 0.1 0.1 0.3 0.6 1.3 1.8 2.4 1 0.9 2.7 1.8 0.2 0.1 0.4 0.1 0.3 0 1-0.9t0.9-0.9zM14 26.9q2.3 0 4.3-0.9t3.6-2.4 2.4-3.6 0.9-4.3-0.9-4.3-2.4-3.6-3.6-2.4-4.3-0.9-4.3 0.9-3.6 2.4-2.4 3.6-0.9 4.3q0 3.6 2.1 6.6l-1.4 4.2 4.3-1.4q2.8 1.9 6.2 1.9zM14 2.2q2.7 0 5.2 1.1t4.3 2.9 2.9 4.3 1.1 5.2-1.1 5.2-2.9 4.3-4.3 2.9-5.2 1.1q-3.5 0-6.5-1.7l-7.4 2.4 2.4-7.2q-1.9-3.2-1.9-6.9 0-2.7 1.1-5.2t2.9-4.3 4.3-2.9 5.2-1.1z\"\/><\/svg><\/span><\/a><\/li><li class=\"shariff-button mailto shariff-nocustomcolor\" style=\"background-color:#a8a8a8\"><a href=\"mailto:?body=https%3A%2F%2Fwww.zum.de%2Fportal%2Ferinnerung-sichtbar-machen-auf-den-spuren-gertrud-luckners%2F&subject=Erinnerung%20sichtbar%20machen%3A%20Auf%20den%20Spuren%20Gertrud%20Luckners\" title=\"Per E-Mail versenden\" aria-label=\"Per E-Mail versenden\" role=\"button\" rel=\"noopener nofollow\" class=\"shariff-link\" style=\"; background-color:#999; color:#fff\"><span class=\"shariff-icon\" style=\"\"><svg width=\"32px\" height=\"20px\" xmlns=\"http:\/\/www.w3.org\/2000\/svg\" viewBox=\"0 0 32 32\"><path fill=\"#999\" d=\"M32 12.7v14.2q0 1.2-0.8 2t-2 0.9h-26.3q-1.2 0-2-0.9t-0.8-2v-14.2q0.8 0.9 1.8 1.6 6.5 4.4 8.9 6.1 1 0.8 1.6 1.2t1.7 0.9 2 0.4h0.1q0.9 0 2-0.4t1.7-0.9 1.6-1.2q3-2.2 8.9-6.1 1-0.7 1.8-1.6zM32 7.4q0 1.4-0.9 2.7t-2.2 2.2q-6.7 4.7-8.4 5.8-0.2 0.1-0.7 0.5t-1 0.7-0.9 0.6-1.1 0.5-0.9 0.2h-0.1q-0.4 0-0.9-0.2t-1.1-0.5-0.9-0.6-1-0.7-0.7-0.5q-1.6-1.1-4.7-3.2t-3.6-2.6q-1.1-0.7-2.1-2t-1-2.5q0-1.4 0.7-2.3t2.1-0.9h26.3q1.2 0 2 0.8t0.9 2z\"\/><\/svg><\/span><\/a><\/li><\/ul><\/div>","protected":false},"excerpt":{"rendered":"<p>Anmerkung der Redaktion: Die Daten zu diesem Projekt wurden in das System von Future History eingespeist und k\u00f6nnen auch dort angeschaut werden. Wenn Sie auf die Daumenbilder in der rechten [&hellip;]<\/p>\n","protected":false},"author":277,"featured_media":0,"parent":0,"menu_order":20,"comment_status":"closed","ping_status":"closed","template":"","meta":{"_acf_changed":false,"gastautor_name":"","gastautor_foto":"","gastautor_funktion":"","gastautor_beschreibung":"","gastautor_css":"","testimonial_foto":"","testimonial_funktion":"","testimonial_zitat":"","testimonial_css":"","zum_angebot_logo":"","zum_angebot_farbe":"","zum_angebot_link":"","zum_angebot_beschreibung":"","footnotes":""},"class_list":["post-18405","page","type-page","status-publish","hentry"],"acf":[],"_links":{"self":[{"href":"https:\/\/www.zum.de\/portal\/wp-json\/wp\/v2\/pages\/18405","targetHints":{"allow":["GET"]}}],"collection":[{"href":"https:\/\/www.zum.de\/portal\/wp-json\/wp\/v2\/pages"}],"about":[{"href":"https:\/\/www.zum.de\/portal\/wp-json\/wp\/v2\/types\/page"}],"author":[{"embeddable":true,"href":"https:\/\/www.zum.de\/portal\/wp-json\/wp\/v2\/users\/277"}],"replies":[{"embeddable":true,"href":"https:\/\/www.zum.de\/portal\/wp-json\/wp\/v2\/comments?post=18405"}],"version-history":[{"count":1,"href":"https:\/\/www.zum.de\/portal\/wp-json\/wp\/v2\/pages\/18405\/revisions"}],"predecessor-version":[{"id":18406,"href":"https:\/\/www.zum.de\/portal\/wp-json\/wp\/v2\/pages\/18405\/revisions\/18406"}],"wp:attachment":[{"href":"https:\/\/www.zum.de\/portal\/wp-json\/wp\/v2\/media?parent=18405"}],"curies":[{"name":"wp","href":"https:\/\/api.w.org\/{rel}","templated":true}]}}